{"id":20994,"date":"2018-09-02T12:08:44","date_gmt":"2018-09-02T10:08:44","guid":{"rendered":"https:\/\/csma.es\/viento-y-percusion\/"},"modified":"2024-05-09T10:50:33","modified_gmt":"2024-05-09T08:50:33","slug":"woodwind-and-percussion-2023-2024","status":"publish","type":"page","link":"https:\/\/csma.es\/en\/woodwind-and-percussion-2023-2024\/","title":{"rendered":"Woodwind And Percussion"},"content":{"rendered":"[vc_row css_animation=&#8221;&#8221; row_type=&#8221;row&#8221; use_row_as_full_screen_section=&#8221;no&#8221; type=&#8221;full_width&#8221; angled_section=&#8221;no&#8221; text_align=&#8221;left&#8221; background_image_as_pattern=&#8221;without_pattern&#8221;][vc_column][vc_separator type=&#8221;transparent&#8221;][\/vc_column][\/vc_row][vc_row css_animation=&#8221;&#8221; row_type=&#8221;row&#8221; use_row_as_full_screen_section=&#8221;no&#8221; type=&#8221;full_width&#8221; angled_section=&#8221;no&#8221; text_align=&#8221;left&#8221; background_image_as_pattern=&#8221;without_pattern&#8221;][vc_column width=&#8221;2\/3&#8243;][vc_column_text]\n<h3>HEAD OF DEPARTMENT<\/h3>\n<p><span style=\"color: #ffffff;\">.<\/span><\/p>\n<table style=\"width: 100%;\">\n<tbody>\n<tr>\n<td style=\"width: 33%; text-align: justify;\"><a href=\"https:\/\/csma.es\/profesorado\/fernando-gomez\/\">G\u00d3MEZ, FERNANDO<\/a><\/td>\n<td style=\"text-align: justify;\">Contact: dpto.viento@csma.es<\/td>\n<\/tr>\n<\/tbody>\n<\/table>\n<p style=\"text-align: justify;\"><span style=\"color: #ffffff;\">.<\/span><\/p>\n<p><span style=\"color: #ffffff;\">.<\/span><\/p>\n<h3>STAFF<\/h3>\n<p>&nbsp;<\/p>\n<table style=\"width: 100%; height: 528px;\">\n<tbody>\n<tr style=\"height: 24px;\">\n<td style=\"text-align: justify; width: 33%; height: 24px;\"><\/td>\n<td style=\"text-align: justify; height: 24px;\">Bassoon, Orchestral Repertoire- Bassoon<\/td>\n<\/tr>\n<tr style=\"height: 24px;\">\n<td style=\"text-align: justify; height: 24px;\">BLANCO GONZ\u00c1LEZ, PEDRO<\/td>\n<td style=\"text-align: justify; height: 24px;\">French Horn<\/td>\n<\/tr>\n<tr style=\"height: 24px;\">\n<td style=\"text-align: justify; height: 24px;\">ANT\u00d3N SAIZ, CRISTINA<\/td>\n<td style=\"text-align: justify; height: 24px;\">Clarinete, Repertorio orquestal &#8211; Clarinete<\/td>\n<\/tr>\n<tr style=\"height: 24px;\">\n<td style=\"text-align: justify; height: 24px;\">ABELL\u00c1 MART\u00cdN, \u00d3SCAR<\/td>\n<td style=\"text-align: justify; height: 24px;\">Tuba, Orchestral Repertoire \u2013Tuba<\/td>\n<\/tr>\n<tr style=\"height: 24px;\">\n<td style=\"text-align: justify; height: 24px;\">CASTELLO FIT\u00d3, FRANCESC<\/td>\n<td style=\"text-align: justify; height: 24px;\">Orchestral Repertoire\u2013Trumpet.<\/td>\n<\/tr>\n<tr style=\"height: 24px;\">\n<td style=\"text-align: justify; height: 24px;\">CARRO VEIGA, LUC\u00cdA<\/td>\n<td style=\"text-align: justify; height: 24px;\">Percussion- Keyboard percussions<\/td>\n<\/tr>\n<tr style=\"height: 24px;\">\n<td style=\"text-align: justify; height: 24px;\"><a href=\"https:\/\/csma.es\/profesorado\/francisco-antonio-garcia\/\">GARC\u00cdA GARC\u00cdA, FRANCISCO ANTONIO<\/a><\/td>\n<td style=\"text-align: justify; height: 24px;\">Clarinet<\/td>\n<\/tr>\n<tr style=\"height: 24px;\">\n<td style=\"text-align: justify; height: 24px;\">GIL FERRER, FRANCISCO JOS\u00c9<\/td>\n<td style=\"text-align: justify; height: 24px;\">Oboe<\/td>\n<\/tr>\n<tr style=\"height: 24px;\">\n<td style=\"text-align: justify; height: 24px;\">G\u00d3MEZ AGUADO, FERNANDO<\/td>\n<td style=\"text-align: justify; height: 24px;\">Flute<\/td>\n<\/tr>\n<tr style=\"height: 24px;\">\n<td style=\"text-align: justify; height: 24px;\"><a href=\"https:\/\/csma.es\/profesorado\/andres-gomis\/\">GOMIS, ANDR\u00c9S<\/a><\/td>\n<td style=\"text-align: justify; height: 24px;\">Saxophone<\/td>\n<\/tr>\n<tr style=\"height: 24px;\">\n<td style=\"text-align: justify; height: 24px;\">INGL\u00c9S MONZ\u00d3N, FRANCISCO<\/td>\n<td style=\"text-align: justify; height: 24px;\">Orchestral Repertoire. Percussion<\/td>\n<\/tr>\n<tr style=\"height: 24px;\">\n<td style=\"text-align: justify; height: 24px;\">GAR\u00cdN VICENTE, \u00c1NGEL JAVIER<\/td>\n<td style=\"text-align: justify; height: 24px;\">Trumpet<\/td>\n<\/tr>\n<tr style=\"height: 24px;\">\n<td style=\"text-align: justify; height: 24px;\"><\/td>\n<td style=\"text-align: justify; height: 24px;\">Orchestral Repertoire \u2013Oboe<\/td>\n<\/tr>\n<tr style=\"height: 24px;\">\n<td style=\"text-align: justify; height: 24px;\">NUEZ CEBOLLADA, ANTONIO<\/td>\n<td style=\"text-align: justify; height: 24px;\">Flute<\/td>\n<\/tr>\n<tr style=\"height: 24px;\">\n<td style=\"text-align: justify; height: 24px;\"><a href=\"https:\/\/csma.es\/profesorado\/cesar-peris\/\">PERIS ESCRIG, CESAR<\/a><\/td>\n<td style=\"text-align: justify; height: 24px;\">Percussion \u2013 Unpitched instruments<\/td>\n<\/tr>\n<tr style=\"height: 24px;\">\n<td style=\"text-align: justify; height: 24px;\">SODUPE VILLARO, ARCADIO<\/td>\n<td style=\"text-align: justify; height: 24px;\">Trombone, Orchestral Repertoire \u2013 Trombone<\/td>\n<\/tr>\n<tr style=\"height: 24px;\">\n<td style=\"text-align: justify; height: 24px;\"><\/td>\n<td style=\"text-align: justify; height: 24px;\">Quinteto de viento<\/td>\n<\/tr>\n<tr style=\"height: 24px;\">\n<td style=\"text-align: justify; height: 24px;\">RODR\u00cdGUEZ AZOR\u00cdN, FRANCISCO<\/td>\n<td style=\"text-align: justify; height: 24px;\">French Horn, Orchestral Repertoire \u2013 French Horn<\/td>\n<\/tr>\n<tr style=\"height: 24px;\">\n<td style=\"text-align: justify; height: 24px;\">SAEZ MARCH, EUSEBIO<\/td>\n<td style=\"text-align: justify; height: 24px;\">Trombone<\/td>\n<\/tr>\n<tr style=\"height: 24px;\">\n<td style=\"text-align: justify; height: 24px;\">ROMERO BL\u00c1NQUEZ, ANA\u00cdS MAR\u00cdA<\/td>\n<td style=\"text-align: justify; height: 24px;\">French Horn<\/td>\n<\/tr>\n<tr style=\"height: 24px;\">\n<td style=\"text-align: justify; height: 24px;\"><a href=\"https:\/\/csma.es\/profesorado\/carlos-tarancon\/\">TARANC\u00d3N MATEO, CARLOS<\/a><\/td>\n<td style=\"text-align: justify; height: 24px;\">Bassoon<\/td>\n<\/tr>\n<tr style=\"height: 24px;\">\n<td style=\"text-align: justify; height: 24px;\"><\/td>\n<td style=\"text-align: justify; height: 24px;\"><\/td>\n<\/tr>\n<\/tbody>\n<\/table>\n<p><span style=\"color: #ffffff;\">.<\/span>[\/vc_column_text][\/vc_column][vc_column width=&#8221;1\/3&#8243;]<div class=\"qode-news-holder qode-post-carousel1 qode-nl-normal-space\"  data-post-status=publish data-category-name=profesorado-viento-y-percusion data-ignore-sticky-posts=1 data-paged=1 data-max-num-pages=2 data-next-page=2 data-title-tag=h4 data-image-size=full data-display-categories=yes data-display-excerpt=no data-display-date=no data-display-author=no data-display-share=no data-display-hot-trending-icons=no data-layout=qode_post_carousel1><div class=\"qode-news-list-inner-holder qode-owl-slider\" data-number-of-items=\"1\"><div class=\"qode-news-item qode-layout1-item\">\n\t\t<div class=\"qode-news-item-image-holder\">\n\t\t\t<div class=\"qode-post-image\">\n\t    <a itemprop=\"url\" href=\"https:\/\/csma.es\/en\/profesorado-viento-y-percusion\/irene-martinez-navarro\/\" title=\"IRENE MART\u00cdNEZ NAVARRO\">\n                        <img loading=\"lazy\" decoding=\"async\" width=\"1998\" height=\"2440\" src=\"https:\/\/csma.es\/wp-content\/uploads\/2026\/01\/Irene-Martinez-Navarro.jpg\" class=\"attachment-full size-full wp-post-image\" alt=\"\" srcset=\"https:\/\/csma.es\/wp-content\/uploads\/2026\/01\/Irene-Martinez-Navarro.jpg 1998w, https:\/\/csma.es\/wp-content\/uploads\/2026\/01\/Irene-Martinez-Navarro-246x300.jpg 246w, https:\/\/csma.es\/wp-content\/uploads\/2026\/01\/Irene-Martinez-Navarro-839x1024.jpg 839w, https:\/\/csma.es\/wp-content\/uploads\/2026\/01\/Irene-Martinez-Navarro-768x938.jpg 768w, https:\/\/csma.es\/wp-content\/uploads\/2026\/01\/Irene-Martinez-Navarro-1258x1536.jpg 1258w, https:\/\/csma.es\/wp-content\/uploads\/2026\/01\/Irene-Martinez-Navarro-1677x2048.jpg 1677w, https:\/\/csma.es\/wp-content\/uploads\/2026\/01\/Irene-Martinez-Navarro-983x1200.jpg 983w, https:\/\/csma.es\/wp-content\/uploads\/2026\/01\/Irene-Martinez-Navarro-700x855.jpg 700w, https:\/\/csma.es\/wp-content\/uploads\/2026\/01\/Irene-Martinez-Navarro-1320x1612.jpg 1320w\" sizes=\"auto, (max-width: 1998px) 100vw, 1998px\" \/>            \t    <\/a>\n\t<\/div>\n        <div class=\"qode-news-image-info-holder-left\">\n\t\t\t        <\/div>\n        <div class=\"qode-news-image-info-holder-right\">\n\t\t\t\t\t<\/div>\n\t<\/div>\n    \t<div class=\"qode-ni-content\">\n        \t<div class=\"qode-post-info-category\">\n\t\t<a href=\"https:\/\/csma.es\/en\/category\/profesorado-viento-y-percusion\/\"><span class=\"qode-category-name\" >Profesorado viento y percusi\u00f3n <\/span><\/a>\t<\/div>\n\t\t\n<h4 itemprop=\"name\" class=\"entry-title qode-post-title\">\n    <a itemprop=\"url\" href=\"https:\/\/csma.es\/en\/profesorado-viento-y-percusion\/irene-martinez-navarro\/\" title=\"IRENE MART\u00cdNEZ NAVARRO\">\n        IRENE MART\u00cdNEZ NAVARRO    <\/a>\n<\/h4>\t\t\t\t        \t<\/div>\n<\/div><div class=\"qode-news-item qode-layout1-item\">\n\t\t<div class=\"qode-news-item-image-holder\">\n\t\t\t<div class=\"qode-post-image\">\n\t    <a itemprop=\"url\" href=\"https:\/\/csma.es\/en\/profesorado-viento-y-percusion\/guillermo-gonzalez\/\" title=\"GUILLERMO GONZ\u00c1LEZ GONZ\u00c1LEZ\">\n                        <img loading=\"lazy\" decoding=\"async\" width=\"1706\" height=\"2560\" src=\"https:\/\/csma.es\/wp-content\/uploads\/2025\/09\/FPP3511-scaled.jpg\" class=\"attachment-full size-full wp-post-image\" alt=\"\" srcset=\"https:\/\/csma.es\/wp-content\/uploads\/2025\/09\/FPP3511-scaled.jpg 1706w, https:\/\/csma.es\/wp-content\/uploads\/2025\/09\/FPP3511-200x300.jpg 200w, https:\/\/csma.es\/wp-content\/uploads\/2025\/09\/FPP3511-683x1024.jpg 683w, https:\/\/csma.es\/wp-content\/uploads\/2025\/09\/FPP3511-768x1152.jpg 768w, https:\/\/csma.es\/wp-content\/uploads\/2025\/09\/FPP3511-1024x1536.jpg 1024w, https:\/\/csma.es\/wp-content\/uploads\/2025\/09\/FPP3511-1365x2048.jpg 1365w, https:\/\/csma.es\/wp-content\/uploads\/2025\/09\/FPP3511-800x1200.jpg 800w, https:\/\/csma.es\/wp-content\/uploads\/2025\/09\/FPP3511-700x1050.jpg 700w, https:\/\/csma.es\/wp-content\/uploads\/2025\/09\/FPP3511-1320x1980.jpg 1320w\" sizes=\"auto, (max-width: 1706px) 100vw, 1706px\" \/>            \t    <\/a>\n\t<\/div>\n        <div class=\"qode-news-image-info-holder-left\">\n\t\t\t        <\/div>\n        <div class=\"qode-news-image-info-holder-right\">\n\t\t\t\t\t<\/div>\n\t<\/div>\n    \t<div class=\"qode-ni-content\">\n        \t<div class=\"qode-post-info-category\">\n\t\t<a href=\"https:\/\/csma.es\/en\/category\/profesorado-viento-y-percusion\/\"><span class=\"qode-category-name\" >Profesorado viento y percusi\u00f3n <\/span><\/a>\t<\/div>\n\t\t\n<h4 itemprop=\"name\" class=\"entry-title qode-post-title\">\n    <a itemprop=\"url\" href=\"https:\/\/csma.es\/en\/profesorado-viento-y-percusion\/guillermo-gonzalez\/\" title=\"GUILLERMO GONZ\u00c1LEZ GONZ\u00c1LEZ\">\n        GUILLERMO GONZ\u00c1LEZ GONZ\u00c1LEZ    <\/a>\n<\/h4>\t\t\t\t        \t<\/div>\n<\/div><div class=\"qode-news-item qode-layout1-item\">\n\t\t<div class=\"qode-news-item-image-holder\">\n\t\t\t<div class=\"qode-post-image\">\n\t    <a itemprop=\"url\" href=\"https:\/\/csma.es\/en\/profesorado-viento-y-percusion\/maria-jose-garcia-zamora\/\" title=\"MAR\u00cdA JOS\u00c9 GARC\u00cdA ZAMORA\">\n                        <img loading=\"lazy\" decoding=\"async\" width=\"1365\" height=\"2048\" src=\"https:\/\/csma.es\/wp-content\/uploads\/2025\/01\/Maria-Jose-GZ.jpg\" class=\"attachment-full size-full wp-post-image\" alt=\"\" srcset=\"https:\/\/csma.es\/wp-content\/uploads\/2025\/01\/Maria-Jose-GZ.jpg 1365w, https:\/\/csma.es\/wp-content\/uploads\/2025\/01\/Maria-Jose-GZ-200x300.jpg 200w, https:\/\/csma.es\/wp-content\/uploads\/2025\/01\/Maria-Jose-GZ-683x1024.jpg 683w, https:\/\/csma.es\/wp-content\/uploads\/2025\/01\/Maria-Jose-GZ-768x1152.jpg 768w, https:\/\/csma.es\/wp-content\/uploads\/2025\/01\/Maria-Jose-GZ-1024x1536.jpg 1024w, https:\/\/csma.es\/wp-content\/uploads\/2025\/01\/Maria-Jose-GZ-800x1200.jpg 800w, https:\/\/csma.es\/wp-content\/uploads\/2025\/01\/Maria-Jose-GZ-700x1050.jpg 700w, https:\/\/csma.es\/wp-content\/uploads\/2025\/01\/Maria-Jose-GZ-1320x1980.jpg 1320w\" sizes=\"auto, (max-width: 1365px) 100vw, 1365px\" \/>            \t    <\/a>\n\t<\/div>\n        <div class=\"qode-news-image-info-holder-left\">\n\t\t\t        <\/div>\n        <div class=\"qode-news-image-info-holder-right\">\n\t\t\t\t\t<\/div>\n\t<\/div>\n    \t<div class=\"qode-ni-content\">\n        \t<div class=\"qode-post-info-category\">\n\t\t<a href=\"https:\/\/csma.es\/en\/category\/profesorado-viento-y-percusion\/\"><span class=\"qode-category-name\" >Profesorado viento y percusi\u00f3n <\/span><\/a>\t<\/div>\n\t\t\n<h4 itemprop=\"name\" class=\"entry-title qode-post-title\">\n    <a itemprop=\"url\" href=\"https:\/\/csma.es\/en\/profesorado-viento-y-percusion\/maria-jose-garcia-zamora\/\" title=\"MAR\u00cdA JOS\u00c9 GARC\u00cdA ZAMORA\">\n        MAR\u00cdA JOS\u00c9 GARC\u00cdA ZAMORA    <\/a>\n<\/h4>\t\t\t\t        \t<\/div>\n<\/div><div class=\"qode-news-item qode-layout1-item\">\n\t\t<div class=\"qode-news-item-image-holder\">\n\t\t\t<div class=\"qode-post-image\">\n\t    <a itemprop=\"url\" href=\"https:\/\/csma.es\/en\/profesorado-viento-y-percusion\/jose-luis-ingles\/\" title=\"JOS\u00c9 LUIS INGL\u00c9S\">\n                        <img loading=\"lazy\" decoding=\"async\" width=\"1707\" height=\"2560\" src=\"https:\/\/csma.es\/wp-content\/uploads\/2024\/11\/JOSE-LUIS-INGLES-scaled.jpeg\" class=\"attachment-full size-full wp-post-image\" alt=\"\" srcset=\"https:\/\/csma.es\/wp-content\/uploads\/2024\/11\/JOSE-LUIS-INGLES-scaled.jpeg 1707w, https:\/\/csma.es\/wp-content\/uploads\/2024\/11\/JOSE-LUIS-INGLES-200x300.jpeg 200w, https:\/\/csma.es\/wp-content\/uploads\/2024\/11\/JOSE-LUIS-INGLES-683x1024.jpeg 683w, https:\/\/csma.es\/wp-content\/uploads\/2024\/11\/JOSE-LUIS-INGLES-768x1152.jpeg 768w, https:\/\/csma.es\/wp-content\/uploads\/2024\/11\/JOSE-LUIS-INGLES-1024x1536.jpeg 1024w, https:\/\/csma.es\/wp-content\/uploads\/2024\/11\/JOSE-LUIS-INGLES-1365x2048.jpeg 1365w, https:\/\/csma.es\/wp-content\/uploads\/2024\/11\/JOSE-LUIS-INGLES-800x1200.jpeg 800w, https:\/\/csma.es\/wp-content\/uploads\/2024\/11\/JOSE-LUIS-INGLES-700x1050.jpeg 700w, https:\/\/csma.es\/wp-content\/uploads\/2024\/11\/JOSE-LUIS-INGLES-1320x1980.jpeg 1320w\" sizes=\"auto, (max-width: 1707px) 100vw, 1707px\" \/>            \t    <\/a>\n\t<\/div>\n        <div class=\"qode-news-image-info-holder-left\">\n\t\t\t        <\/div>\n        <div class=\"qode-news-image-info-holder-right\">\n\t\t\t\t\t<\/div>\n\t<\/div>\n    \t<div class=\"qode-ni-content\">\n        \t<div class=\"qode-post-info-category\">\n\t\t<a href=\"https:\/\/csma.es\/en\/category\/profesorado-viento-y-percusion\/\"><span class=\"qode-category-name\" >Profesorado viento y percusi\u00f3n <\/span><\/a>\t<\/div>\n\t\t\n<h4 itemprop=\"name\" class=\"entry-title qode-post-title\">\n    <a itemprop=\"url\" href=\"https:\/\/csma.es\/en\/profesorado-viento-y-percusion\/jose-luis-ingles\/\" title=\"JOS\u00c9 LUIS INGL\u00c9S\">\n        JOS\u00c9 LUIS INGL\u00c9S    <\/a>\n<\/h4>\t\t\t\t        \t<\/div>\n<\/div><div class=\"qode-news-item qode-layout1-item\">\n\t\t<div class=\"qode-news-item-image-holder\">\n\t\t\t<div class=\"qode-post-image\">\n\t    <a itemprop=\"url\" href=\"https:\/\/csma.es\/en\/profesorado-viento-y-percusion\/carlos-zaragoza\/\" title=\"CARLOS ZARAGOZA\">\n                        <img loading=\"lazy\" decoding=\"async\" width=\"1452\" height=\"966\" src=\"https:\/\/csma.es\/wp-content\/uploads\/2024\/11\/Foto-Carlos-CSMA-1.jpg\" class=\"attachment-full size-full wp-post-image\" alt=\"\" srcset=\"https:\/\/csma.es\/wp-content\/uploads\/2024\/11\/Foto-Carlos-CSMA-1.jpg 1452w, https:\/\/csma.es\/wp-content\/uploads\/2024\/11\/Foto-Carlos-CSMA-1-300x200.jpg 300w, https:\/\/csma.es\/wp-content\/uploads\/2024\/11\/Foto-Carlos-CSMA-1-1024x681.jpg 1024w, https:\/\/csma.es\/wp-content\/uploads\/2024\/11\/Foto-Carlos-CSMA-1-768x511.jpg 768w, https:\/\/csma.es\/wp-content\/uploads\/2024\/11\/Foto-Carlos-CSMA-1-1200x798.jpg 1200w, https:\/\/csma.es\/wp-content\/uploads\/2024\/11\/Foto-Carlos-CSMA-1-700x466.jpg 700w, https:\/\/csma.es\/wp-content\/uploads\/2024\/11\/Foto-Carlos-CSMA-1-1320x878.jpg 1320w\" sizes=\"auto, (max-width: 1452px) 100vw, 1452px\" \/>            \t    <\/a>\n\t<\/div>\n        <div class=\"qode-news-image-info-holder-left\">\n\t\t\t        <\/div>\n        <div class=\"qode-news-image-info-holder-right\">\n\t\t\t\t\t<\/div>\n\t<\/div>\n    \t<div class=\"qode-ni-content\">\n        \t<div class=\"qode-post-info-category\">\n\t\t<a href=\"https:\/\/csma.es\/en\/category\/profesorado-viento-y-percusion\/\"><span class=\"qode-category-name\" >Profesorado viento y percusi\u00f3n <\/span><\/a>\t<\/div>\n\t\t\n<h4 itemprop=\"name\" class=\"entry-title qode-post-title\">\n    <a itemprop=\"url\" href=\"https:\/\/csma.es\/en\/profesorado-viento-y-percusion\/carlos-zaragoza\/\" title=\"CARLOS ZARAGOZA\">\n        CARLOS ZARAGOZA    <\/a>\n<\/h4>\t\t\t\t        \t<\/div>\n<\/div><div class=\"qode-news-item qode-layout1-item\">\n\t\t<div class=\"qode-news-item-image-holder\">\n\t\t\t<div class=\"qode-post-image\">\n\t    <a itemprop=\"url\" href=\"https:\/\/csma.es\/en\/profesorado-viento-y-percusion\/antonio-nuez\/\" title=\"ANTONIO NUEZ\">\n                        <img loading=\"lazy\" decoding=\"async\" width=\"1707\" height=\"2560\" src=\"https:\/\/csma.es\/wp-content\/uploads\/2024\/11\/foto-2022-copia-scaled.jpg\" class=\"attachment-full size-full wp-post-image\" alt=\"\" srcset=\"https:\/\/csma.es\/wp-content\/uploads\/2024\/11\/foto-2022-copia-scaled.jpg 1707w, https:\/\/csma.es\/wp-content\/uploads\/2024\/11\/foto-2022-copia-200x300.jpg 200w, https:\/\/csma.es\/wp-content\/uploads\/2024\/11\/foto-2022-copia-683x1024.jpg 683w, https:\/\/csma.es\/wp-content\/uploads\/2024\/11\/foto-2022-copia-768x1152.jpg 768w, https:\/\/csma.es\/wp-content\/uploads\/2024\/11\/foto-2022-copia-1024x1536.jpg 1024w, https:\/\/csma.es\/wp-content\/uploads\/2024\/11\/foto-2022-copia-1365x2048.jpg 1365w, https:\/\/csma.es\/wp-content\/uploads\/2024\/11\/foto-2022-copia-800x1200.jpg 800w, https:\/\/csma.es\/wp-content\/uploads\/2024\/11\/foto-2022-copia-700x1050.jpg 700w, https:\/\/csma.es\/wp-content\/uploads\/2024\/11\/foto-2022-copia-1320x1980.jpg 1320w\" sizes=\"auto, (max-width: 1707px) 100vw, 1707px\" \/>            \t    <\/a>\n\t<\/div>\n        <div class=\"qode-news-image-info-holder-left\">\n\t\t\t        <\/div>\n        <div class=\"qode-news-image-info-holder-right\">\n\t\t\t\t\t<\/div>\n\t<\/div>\n    \t<div class=\"qode-ni-content\">\n        \t<div class=\"qode-post-info-category\">\n\t\t<a href=\"https:\/\/csma.es\/en\/category\/profesorado-viento-y-percusion\/\"><span class=\"qode-category-name\" >Profesorado viento y percusi\u00f3n <\/span><\/a>\t<\/div>\n\t\t\n<h4 itemprop=\"name\" class=\"entry-title qode-post-title\">\n    <a itemprop=\"url\" href=\"https:\/\/csma.es\/en\/profesorado-viento-y-percusion\/antonio-nuez\/\" title=\"ANTONIO NUEZ\">\n        ANTONIO NUEZ    <\/a>\n<\/h4>\t\t\t\t        \t<\/div>\n<\/div><div class=\"qode-news-item qode-layout1-item\">\n\t\t<div class=\"qode-news-item-image-holder\">\n\t\t\t<div class=\"qode-post-image\">\n\t    <a itemprop=\"url\" href=\"https:\/\/csma.es\/en\/profesorado-viento-y-percusion\/pau-molto-biosca\/\" title=\"PAU MOLT\u00d3 BIOSCA\">\n                        <img loading=\"lazy\" decoding=\"async\" width=\"1728\" height=\"2560\" src=\"https:\/\/csma.es\/wp-content\/uploads\/2024\/10\/Foto-Pau-Molto-scaled.jpg\" class=\"attachment-full size-full wp-post-image\" alt=\"\" srcset=\"https:\/\/csma.es\/wp-content\/uploads\/2024\/10\/Foto-Pau-Molto-scaled.jpg 1728w, https:\/\/csma.es\/wp-content\/uploads\/2024\/10\/Foto-Pau-Molto-202x300.jpg 202w, https:\/\/csma.es\/wp-content\/uploads\/2024\/10\/Foto-Pau-Molto-691x1024.jpg 691w, https:\/\/csma.es\/wp-content\/uploads\/2024\/10\/Foto-Pau-Molto-768x1138.jpg 768w, https:\/\/csma.es\/wp-content\/uploads\/2024\/10\/Foto-Pau-Molto-1037x1536.jpg 1037w, https:\/\/csma.es\/wp-content\/uploads\/2024\/10\/Foto-Pau-Molto-1382x2048.jpg 1382w, https:\/\/csma.es\/wp-content\/uploads\/2024\/10\/Foto-Pau-Molto-810x1200.jpg 810w, https:\/\/csma.es\/wp-content\/uploads\/2024\/10\/Foto-Pau-Molto-700x1037.jpg 700w, https:\/\/csma.es\/wp-content\/uploads\/2024\/10\/Foto-Pau-Molto-1320x1956.jpg 1320w\" sizes=\"auto, (max-width: 1728px) 100vw, 1728px\" \/>            \t    <\/a>\n\t<\/div>\n        <div class=\"qode-news-image-info-holder-left\">\n\t\t\t        <\/div>\n        <div class=\"qode-news-image-info-holder-right\">\n\t\t\t\t\t<\/div>\n\t<\/div>\n    \t<div class=\"qode-ni-content\">\n        \t<div class=\"qode-post-info-category\">\n\t\t<a href=\"https:\/\/csma.es\/en\/category\/profesorado-viento-y-percusion\/\"><span class=\"qode-category-name\" >Profesorado viento y percusi\u00f3n <\/span><\/a>\t<\/div>\n\t\t\n<h4 itemprop=\"name\" class=\"entry-title qode-post-title\">\n    <a itemprop=\"url\" href=\"https:\/\/csma.es\/en\/profesorado-viento-y-percusion\/pau-molto-biosca\/\" title=\"PAU MOLT\u00d3 BIOSCA\">\n        PAU MOLT\u00d3 BIOSCA    <\/a>\n<\/h4>\t\t\t\t        \t<\/div>\n<\/div><div class=\"qode-news-item qode-layout1-item\">\n\t\t<div class=\"qode-news-item-image-holder\">\n\t\t\t<div class=\"qode-post-image\">\n\t    <a itemprop=\"url\" href=\"https:\/\/csma.es\/en\/profesorado-viento-y-percusion\/marcos-garcia-vaquero\/\" title=\"MARCOS GARC\u00cdA VAQUERO\">\n                        <img loading=\"lazy\" decoding=\"async\" width=\"1707\" height=\"2560\" src=\"https:\/\/csma.es\/wp-content\/uploads\/2024\/01\/Marcos-trompet-1-scaled.jpeg\" class=\"attachment-full size-full wp-post-image\" alt=\"\" srcset=\"https:\/\/csma.es\/wp-content\/uploads\/2024\/01\/Marcos-trompet-1-scaled.jpeg 1707w, https:\/\/csma.es\/wp-content\/uploads\/2024\/01\/Marcos-trompet-1-200x300.jpeg 200w, https:\/\/csma.es\/wp-content\/uploads\/2024\/01\/Marcos-trompet-1-683x1024.jpeg 683w, https:\/\/csma.es\/wp-content\/uploads\/2024\/01\/Marcos-trompet-1-768x1152.jpeg 768w, https:\/\/csma.es\/wp-content\/uploads\/2024\/01\/Marcos-trompet-1-1024x1536.jpeg 1024w, https:\/\/csma.es\/wp-content\/uploads\/2024\/01\/Marcos-trompet-1-1365x2048.jpeg 1365w, https:\/\/csma.es\/wp-content\/uploads\/2024\/01\/Marcos-trompet-1-800x1200.jpeg 800w, https:\/\/csma.es\/wp-content\/uploads\/2024\/01\/Marcos-trompet-1-700x1050.jpeg 700w, https:\/\/csma.es\/wp-content\/uploads\/2024\/01\/Marcos-trompet-1-1320x1980.jpeg 1320w\" sizes=\"auto, (max-width: 1707px) 100vw, 1707px\" \/>            \t    <\/a>\n\t<\/div>\n        <div class=\"qode-news-image-info-holder-left\">\n\t\t\t        <\/div>\n        <div class=\"qode-news-image-info-holder-right\">\n\t\t\t\t\t<\/div>\n\t<\/div>\n    \t<div class=\"qode-ni-content\">\n        \t<div class=\"qode-post-info-category\">\n\t\t<a href=\"https:\/\/csma.es\/en\/category\/profesorado-viento-y-percusion\/\"><span class=\"qode-category-name\" >Profesorado viento y percusi\u00f3n <\/span><\/a>\t<\/div>\n\t\t\n<h4 itemprop=\"name\" class=\"entry-title qode-post-title\">\n    <a itemprop=\"url\" href=\"https:\/\/csma.es\/en\/profesorado-viento-y-percusion\/marcos-garcia-vaquero\/\" title=\"MARCOS GARC\u00cdA VAQUERO\">\n        MARCOS GARC\u00cdA VAQUERO    <\/a>\n<\/h4>\t\t\t\t        \t<\/div>\n<\/div><div class=\"qode-news-item qode-layout1-item\">\n\t\t<div class=\"qode-news-item-image-holder\">\n\t\t\t<div class=\"qode-post-image\">\n\t    <a itemprop=\"url\" href=\"https:\/\/csma.es\/en\/profesorado-viento-y-percusion\/angel-luis-sanchez-moreno\/\" title=\"\u00c1NGEL LUIS S\u00c1NCHEZ MORENO\">\n                        <img loading=\"lazy\" decoding=\"async\" width=\"1707\" height=\"2560\" src=\"https:\/\/csma.es\/wp-content\/uploads\/2022\/09\/Sanchez-Moreno-scaled.jpg\" class=\"attachment-full size-full wp-post-image\" alt=\"\" srcset=\"https:\/\/csma.es\/wp-content\/uploads\/2022\/09\/Sanchez-Moreno-scaled.jpg 1707w, https:\/\/csma.es\/wp-content\/uploads\/2022\/09\/Sanchez-Moreno-200x300.jpg 200w, https:\/\/csma.es\/wp-content\/uploads\/2022\/09\/Sanchez-Moreno-683x1024.jpg 683w, https:\/\/csma.es\/wp-content\/uploads\/2022\/09\/Sanchez-Moreno-768x1152.jpg 768w, https:\/\/csma.es\/wp-content\/uploads\/2022\/09\/Sanchez-Moreno-1024x1536.jpg 1024w, https:\/\/csma.es\/wp-content\/uploads\/2022\/09\/Sanchez-Moreno-1365x2048.jpg 1365w, https:\/\/csma.es\/wp-content\/uploads\/2022\/09\/Sanchez-Moreno-800x1200.jpg 800w, https:\/\/csma.es\/wp-content\/uploads\/2022\/09\/Sanchez-Moreno-700x1050.jpg 700w, https:\/\/csma.es\/wp-content\/uploads\/2022\/09\/Sanchez-Moreno-1320x1980.jpg 1320w\" sizes=\"auto, (max-width: 1707px) 100vw, 1707px\" \/>            \t    <\/a>\n\t<\/div>\n        <div class=\"qode-news-image-info-holder-left\">\n\t\t\t        <\/div>\n        <div class=\"qode-news-image-info-holder-right\">\n\t\t\t\t\t<\/div>\n\t<\/div>\n    \t<div class=\"qode-ni-content\">\n        \t<div class=\"qode-post-info-category\">\n\t\t<a href=\"https:\/\/csma.es\/en\/category\/profesorado-viento-y-percusion\/\"><span class=\"qode-category-name\" >Profesorado viento y percusi\u00f3n <\/span><\/a>\t<\/div>\n\t\t\n<h4 itemprop=\"name\" class=\"entry-title qode-post-title\">\n    <a itemprop=\"url\" href=\"https:\/\/csma.es\/en\/profesorado-viento-y-percusion\/angel-luis-sanchez-moreno\/\" title=\"\u00c1NGEL LUIS S\u00c1NCHEZ MORENO\">\n        \u00c1NGEL LUIS S\u00c1NCHEZ MORENO    <\/a>\n<\/h4>\t\t\t\t        \t<\/div>\n<\/div><div class=\"qode-news-item qode-layout1-item\">\n\t\t<div class=\"qode-news-item-image-holder\">\n\t\t\t<div class=\"qode-post-image\">\n\t    <a itemprop=\"url\" href=\"https:\/\/csma.es\/en\/profesorado-viento-y-percusion\/jose-vicente-climent\/\" title=\"JOS\u00c9 VICENTE CLIMENT CLIMENT\">\n                        <img loading=\"lazy\" decoding=\"async\" width=\"768\" height=\"768\" src=\"https:\/\/csma.es\/wp-content\/uploads\/2022\/09\/Jose-Vicente-Climent.jpg\" class=\"attachment-full size-full wp-post-image\" alt=\"\" srcset=\"https:\/\/csma.es\/wp-content\/uploads\/2022\/09\/Jose-Vicente-Climent.jpg 768w, https:\/\/csma.es\/wp-content\/uploads\/2022\/09\/Jose-Vicente-Climent-300x300.jpg 300w, https:\/\/csma.es\/wp-content\/uploads\/2022\/09\/Jose-Vicente-Climent-150x150.jpg 150w, https:\/\/csma.es\/wp-content\/uploads\/2022\/09\/Jose-Vicente-Climent-570x570.jpg 570w, https:\/\/csma.es\/wp-content\/uploads\/2022\/09\/Jose-Vicente-Climent-500x500.jpg 500w, https:\/\/csma.es\/wp-content\/uploads\/2022\/09\/Jose-Vicente-Climent-700x700.jpg 700w\" sizes=\"auto, (max-width: 768px) 100vw, 768px\" \/>            \t    <\/a>\n\t<\/div>\n        <div class=\"qode-news-image-info-holder-left\">\n\t\t\t        <\/div>\n        <div class=\"qode-news-image-info-holder-right\">\n\t\t\t\t\t<\/div>\n\t<\/div>\n    \t<div class=\"qode-ni-content\">\n        \t<div class=\"qode-post-info-category\">\n\t\t<a href=\"https:\/\/csma.es\/en\/category\/profesorado-viento-y-percusion\/\"><span class=\"qode-category-name\" >Profesorado viento y percusi\u00f3n <\/span><\/a>\t<\/div>\n\t\t\n<h4 itemprop=\"name\" class=\"entry-title qode-post-title\">\n    <a itemprop=\"url\" href=\"https:\/\/csma.es\/en\/profesorado-viento-y-percusion\/jose-vicente-climent\/\" title=\"JOS\u00c9 VICENTE CLIMENT CLIMENT\">\n        JOS\u00c9 VICENTE CLIMENT CLIMENT    <\/a>\n<\/h4>\t\t\t\t        \t<\/div>\n<\/div><\/div><\/div>[\/vc_column][\/vc_row][vc_row css_animation=&#8221;&#8221; row_type=&#8221;row&#8221; use_row_as_full_screen_section=&#8221;no&#8221; type=&#8221;full_width&#8221; angled_section=&#8221;no&#8221; text_align=&#8221;left&#8221; background_image_as_pattern=&#8221;without_pattern&#8221;][vc_column][vc_separator type=&#8221;transparent&#8221;][vc_separator type=&#8221;transparent&#8221;][vc_separator type=&#8221;transparent&#8221;][\/vc_column][\/vc_row][vc_row css_animation=&#8221;&#8221; row_type=&#8221;row&#8221; use_row_as_full_screen_section=&#8221;no&#8221; type=&#8221;full_width&#8221; angled_section=&#8221;no&#8221; text_align=&#8221;left&#8221; background_image_as_pattern=&#8221;without_pattern&#8221;][vc_column][vc_column_text]\n<h3>HISTORY &#8211; NEWS AND ACTIVITIES OF THE DEPARTMENT<\/h3>\n[\/vc_column_text][vc_separator type=&#8221;transparent&#8221;][vc_separator type=&#8221;transparent&#8221;][vc_separator type=&#8221;transparent&#8221;]<div class=\"qode-news-holder qode-post-carousel1 qode-nl-normal-space\"  data-post-status=publish data-category-name=dep-viento-y-percusion data-ignore-sticky-posts=1 data-posts-per-page=6 data-paged=1 data-max-num-pages=0 data-next-page=2 data-title-tag=h4 data-image-size=thumbnail data-display-categories=yes data-display-excerpt=no data-display-date=no data-display-author=no data-display-share=no data-display-hot-trending-icons=no data-layout=qode_post_carousel1>Sorry, no posts matched your criteria.<\/div>[vc_separator type=&#8221;transparent&#8221;][vc_separator type=&#8221;transparent&#8221;][vc_separator type=&#8221;transparent&#8221;][vc_separator type=&#8221;transparent&#8221;][\/vc_column][\/vc_row]\n","protected":false},"excerpt":{"rendered":"<p>[vc_row css_animation=&#8221;&#8221; row_type=&#8221;row&#8221; use_row_as_full_screen_section=&#8221;no&#8221; type=&#8221;full_width&#8221; angled_section=&#8221;no&#8221; text_align=&#8221;left&#8221; background_image_as_pattern=&#8221;without_pattern&#8221;][vc_column][vc_separator type=&#8221;transparent&#8221;][\/vc_column][\/vc_row][vc_row css_animation=&#8221;&#8221; row_type=&#8221;row&#8221; use_row_as_full_screen_section=&#8221;no&#8221; type=&#8221;full_width&#8221; angled_section=&#8221;no&#8221; text_align=&#8221;left&#8221; background_image_as_pattern=&#8221;without_pattern&#8221;][vc_column width=&#8221;2\/3&#8243;][vc_column_text] HEAD OF DEPARTMENT . G\u00d3MEZ, FERNANDO Contact: dpto.viento@csma.es&#8230;<\/p>\n","protected":false},"author":3,"featured_media":0,"parent":0,"menu_order":0,"comment_status":"closed","ping_status":"closed","template":"","meta":{"footnotes":""},"class_list":["post-20994","page","type-page","status-publish","hentry"],"yoast_head":"<!-- This site is optimized with the Yoast SEO plugin v27.5 - https:\/\/yoast.com\/product\/yoast-seo-wordpress\/ -->\n<title>Woodwind And Percussion - CSMA<\/title>\n<meta name=\"robots\" content=\"index, follow, max-snippet:-1, max-image-preview:large, max-video-preview:-1\" \/>\n<link rel=\"canonical\" href=\"https:\/\/csma.es\/en\/woodwind-and-percussion-2023-2024\/\" \/>\n<meta property=\"og:locale\" content=\"en_US\" \/>\n<meta property=\"og:type\" content=\"article\" \/>\n<meta property=\"og:title\" content=\"Woodwind And Percussion - CSMA\" \/>\n<meta property=\"og:description\" content=\"[vc_row css_animation=&#8221;&#8221; row_type=&#8221;row&#8221; use_row_as_full_screen_section=&#8221;no&#8221; type=&#8221;full_width&#8221; angled_section=&#8221;no&#8221; text_align=&#8221;left&#8221; background_image_as_pattern=&#8221;without_pattern&#8221;][vc_column][vc_separator type=&#8221;transparent&#8221;][\/vc_column][\/vc_row][vc_row css_animation=&#8221;&#8221; row_type=&#8221;row&#8221; use_row_as_full_screen_section=&#8221;no&#8221; type=&#8221;full_width&#8221; angled_section=&#8221;no&#8221; text_align=&#8221;left&#8221; background_image_as_pattern=&#8221;without_pattern&#8221;][vc_column width=&#8221;2\/3&#8243;][vc_column_text] HEAD OF DEPARTMENT . G\u00d3MEZ, FERNANDO Contact: dpto.viento@csma.es...\" \/>\n<meta property=\"og:url\" content=\"https:\/\/csma.es\/en\/woodwind-and-percussion-2023-2024\/\" \/>\n<meta property=\"og:site_name\" content=\"CSMA\" \/>\n<meta property=\"article:publisher\" content=\"https:\/\/www.facebook.com\/CSMAragon\/\" \/>\n<meta property=\"article:modified_time\" content=\"2024-05-09T08:50:33+00:00\" \/>\n<meta property=\"og:image\" content=\"https:\/\/csma.es\/wp-content\/uploads\/2019\/11\/csma-1200.png\" \/>\n\t<meta property=\"og:image:width\" content=\"1200\" \/>\n\t<meta property=\"og:image:height\" content=\"630\" \/>\n\t<meta property=\"og:image:type\" content=\"image\/png\" \/>\n<meta name=\"twitter:card\" content=\"summary_large_image\" \/>\n<meta name=\"twitter:site\" content=\"@csmaconser\" \/>\n<meta name=\"twitter:label1\" content=\"Est. reading time\" \/>\n\t<meta name=\"twitter:data1\" content=\"1 minute\" \/>\n<script type=\"application\/ld+json\" class=\"yoast-schema-graph\">{\"@context\":\"https:\\\/\\\/schema.org\",\"@graph\":[{\"@type\":\"WebPage\",\"@id\":\"https:\\\/\\\/csma.es\\\/en\\\/woodwind-and-percussion-2023-2024\\\/\",\"url\":\"https:\\\/\\\/csma.es\\\/en\\\/woodwind-and-percussion-2023-2024\\\/\",\"name\":\"Woodwind And Percussion - CSMA\",\"isPartOf\":{\"@id\":\"https:\\\/\\\/csma.es\\\/#website\"},\"datePublished\":\"2018-09-02T10:08:44+00:00\",\"dateModified\":\"2024-05-09T08:50:33+00:00\",\"breadcrumb\":{\"@id\":\"https:\\\/\\\/csma.es\\\/en\\\/woodwind-and-percussion-2023-2024\\\/#breadcrumb\"},\"inLanguage\":\"en-US\",\"potentialAction\":[{\"@type\":\"ReadAction\",\"target\":[\"https:\\\/\\\/csma.es\\\/en\\\/woodwind-and-percussion-2023-2024\\\/\"]}]},{\"@type\":\"BreadcrumbList\",\"@id\":\"https:\\\/\\\/csma.es\\\/en\\\/woodwind-and-percussion-2023-2024\\\/#breadcrumb\",\"itemListElement\":[{\"@type\":\"ListItem\",\"position\":1,\"name\":\"Portada\",\"item\":\"https:\\\/\\\/csma.es\\\/en\\\/\"},{\"@type\":\"ListItem\",\"position\":2,\"name\":\"Woodwind And Percussion\"}]},{\"@type\":\"WebSite\",\"@id\":\"https:\\\/\\\/csma.es\\\/#website\",\"url\":\"https:\\\/\\\/csma.es\\\/\",\"name\":\"CSMA\",\"description\":\"Conservatorio Superior de M\u00fasica de Arag\u00f3n\",\"publisher\":{\"@id\":\"https:\\\/\\\/csma.es\\\/#organization\"},\"potentialAction\":[{\"@type\":\"SearchAction\",\"target\":{\"@type\":\"EntryPoint\",\"urlTemplate\":\"https:\\\/\\\/csma.es\\\/?s={search_term_string}\"},\"query-input\":{\"@type\":\"PropertyValueSpecification\",\"valueRequired\":true,\"valueName\":\"search_term_string\"}}],\"inLanguage\":\"en-US\"},{\"@type\":\"Organization\",\"@id\":\"https:\\\/\\\/csma.es\\\/#organization\",\"name\":\"Conservatorio Superior de M\u00fasica de Arag\u00f3n\",\"url\":\"https:\\\/\\\/csma.es\\\/\",\"logo\":{\"@type\":\"ImageObject\",\"inLanguage\":\"en-US\",\"@id\":\"https:\\\/\\\/csma.es\\\/#\\\/schema\\\/logo\\\/image\\\/\",\"url\":\"https:\\\/\\\/csma.es\\\/wp-content\\\/uploads\\\/2025\\\/04\\\/cropped-logo-csma-40anos-vertical-sintexto-positivo.png\",\"contentUrl\":\"https:\\\/\\\/csma.es\\\/wp-content\\\/uploads\\\/2025\\\/04\\\/cropped-logo-csma-40anos-vertical-sintexto-positivo.png\",\"width\":512,\"height\":512,\"caption\":\"Conservatorio Superior de M\u00fasica de Arag\u00f3n\"},\"image\":{\"@id\":\"https:\\\/\\\/csma.es\\\/#\\\/schema\\\/logo\\\/image\\\/\"},\"sameAs\":[\"https:\\\/\\\/www.facebook.com\\\/CSMAragon\\\/\",\"https:\\\/\\\/x.com\\\/csmaconser\",\"https:\\\/\\\/www.instagram.com\\\/csmaragon\\\/\",\"https:\\\/\\\/www.youtube.com\\\/channel\\\/UCcsLLtgZJUhz11-3Aj1sv3w\"]}]}<\/script>\n<!-- \/ Yoast SEO plugin. -->","yoast_head_json":{"title":"Woodwind And Percussion - CSMA","robots":{"index":"index","follow":"follow","max-snippet":"max-snippet:-1","max-image-preview":"max-image-preview:large","max-video-preview":"max-video-preview:-1"},"canonical":"https:\/\/csma.es\/en\/woodwind-and-percussion-2023-2024\/","og_locale":"en_US","og_type":"article","og_title":"Woodwind And Percussion - CSMA","og_description":"[vc_row css_animation=&#8221;&#8221; row_type=&#8221;row&#8221; use_row_as_full_screen_section=&#8221;no&#8221; type=&#8221;full_width&#8221; angled_section=&#8221;no&#8221; text_align=&#8221;left&#8221; background_image_as_pattern=&#8221;without_pattern&#8221;][vc_column][vc_separator type=&#8221;transparent&#8221;][\/vc_column][\/vc_row][vc_row css_animation=&#8221;&#8221; row_type=&#8221;row&#8221; use_row_as_full_screen_section=&#8221;no&#8221; type=&#8221;full_width&#8221; angled_section=&#8221;no&#8221; text_align=&#8221;left&#8221; background_image_as_pattern=&#8221;without_pattern&#8221;][vc_column width=&#8221;2\/3&#8243;][vc_column_text] HEAD OF DEPARTMENT . G\u00d3MEZ, FERNANDO Contact: dpto.viento@csma.es...","og_url":"https:\/\/csma.es\/en\/woodwind-and-percussion-2023-2024\/","og_site_name":"CSMA","article_publisher":"https:\/\/www.facebook.com\/CSMAragon\/","article_modified_time":"2024-05-09T08:50:33+00:00","og_image":[{"width":1200,"height":630,"url":"https:\/\/csma.es\/wp-content\/uploads\/2019\/11\/csma-1200.png","type":"image\/png"}],"twitter_card":"summary_large_image","twitter_site":"@csmaconser","twitter_misc":{"Est. reading time":"1 minute"},"schema":{"@context":"https:\/\/schema.org","@graph":[{"@type":"WebPage","@id":"https:\/\/csma.es\/en\/woodwind-and-percussion-2023-2024\/","url":"https:\/\/csma.es\/en\/woodwind-and-percussion-2023-2024\/","name":"Woodwind And Percussion - CSMA","isPartOf":{"@id":"https:\/\/csma.es\/#website"},"datePublished":"2018-09-02T10:08:44+00:00","dateModified":"2024-05-09T08:50:33+00:00","breadcrumb":{"@id":"https:\/\/csma.es\/en\/woodwind-and-percussion-2023-2024\/#breadcrumb"},"inLanguage":"en-US","potentialAction":[{"@type":"ReadAction","target":["https:\/\/csma.es\/en\/woodwind-and-percussion-2023-2024\/"]}]},{"@type":"BreadcrumbList","@id":"https:\/\/csma.es\/en\/woodwind-and-percussion-2023-2024\/#breadcrumb","itemListElement":[{"@type":"ListItem","position":1,"name":"Portada","item":"https:\/\/csma.es\/en\/"},{"@type":"ListItem","position":2,"name":"Woodwind And Percussion"}]},{"@type":"WebSite","@id":"https:\/\/csma.es\/#website","url":"https:\/\/csma.es\/","name":"CSMA","description":"Conservatorio Superior de M\u00fasica de Arag\u00f3n","publisher":{"@id":"https:\/\/csma.es\/#organization"},"potentialAction":[{"@type":"SearchAction","target":{"@type":"EntryPoint","urlTemplate":"https:\/\/csma.es\/?s={search_term_string}"},"query-input":{"@type":"PropertyValueSpecification","valueRequired":true,"valueName":"search_term_string"}}],"inLanguage":"en-US"},{"@type":"Organization","@id":"https:\/\/csma.es\/#organization","name":"Conservatorio Superior de M\u00fasica de Arag\u00f3n","url":"https:\/\/csma.es\/","logo":{"@type":"ImageObject","inLanguage":"en-US","@id":"https:\/\/csma.es\/#\/schema\/logo\/image\/","url":"https:\/\/csma.es\/wp-content\/uploads\/2025\/04\/cropped-logo-csma-40anos-vertical-sintexto-positivo.png","contentUrl":"https:\/\/csma.es\/wp-content\/uploads\/2025\/04\/cropped-logo-csma-40anos-vertical-sintexto-positivo.png","width":512,"height":512,"caption":"Conservatorio Superior de M\u00fasica de Arag\u00f3n"},"image":{"@id":"https:\/\/csma.es\/#\/schema\/logo\/image\/"},"sameAs":["https:\/\/www.facebook.com\/CSMAragon\/","https:\/\/x.com\/csmaconser","https:\/\/www.instagram.com\/csmaragon\/","https:\/\/www.youtube.com\/channel\/UCcsLLtgZJUhz11-3Aj1sv3w"]}]}},"publishpress_future_action":{"enabled":false,"date":"2026-05-09 08:59:54","action":"change-status","newStatus":"draft","terms":[],"taxonomy":"","extraData":[]},"publishpress_future_workflow_manual_trigger":{"enabledWorkflows":[]},"_links":{"self":[{"href":"https:\/\/csma.es\/en\/wp-json\/wp\/v2\/pages\/20994","targetHints":{"allow":["GET"]}}],"collection":[{"href":"https:\/\/csma.es\/en\/wp-json\/wp\/v2\/pages"}],"about":[{"href":"https:\/\/csma.es\/en\/wp-json\/wp\/v2\/types\/page"}],"author":[{"embeddable":true,"href":"https:\/\/csma.es\/en\/wp-json\/wp\/v2\/users\/3"}],"replies":[{"embeddable":true,"href":"https:\/\/csma.es\/en\/wp-json\/wp\/v2\/comments?post=20994"}],"version-history":[{"count":0,"href":"https:\/\/csma.es\/en\/wp-json\/wp\/v2\/pages\/20994\/revisions"}],"wp:attachment":[{"href":"https:\/\/csma.es\/en\/wp-json\/wp\/v2\/media?parent=20994"}],"curies":[{"name":"wp","href":"https:\/\/api.w.org\/{rel}","templated":true}]}}