{"id":20983,"date":"2014-03-28T10:11:36","date_gmt":"2014-03-28T10:11:36","guid":{"rendered":"https:\/\/csma.es\/home\/"},"modified":"2025-09-03T10:15:32","modified_gmt":"2025-09-03T08:15:32","slug":"home","status":"publish","type":"page","link":"https:\/\/csma.es\/en\/","title":{"rendered":"Home 1"},"content":{"rendered":"[vc_row css_animation=&#8221;&#8221; row_type=&#8221;row&#8221; use_row_as_full_screen_section=&#8221;no&#8221; type=&#8221;full_width&#8221; angled_section=&#8221;no&#8221; text_align=&#8221;left&#8221; background_image_as_pattern=&#8221;without_pattern&#8221; background_color=&#8221;rgba(10,10,10,0.92)&#8221; el_id=&#8221;fila_calendario&#8221; z_index=&#8221;&#8221; css=&#8221;.vc_custom_1749029342816{padding-top: 60px !important;}&#8221;][vc_column width=&#8221;2\/3&#8243;][vc_column_text css=&#8221;.vc_custom_1747989439318{margin-bottom: 25px !important;border-bottom-width: 2px !important;padding-bottom: 8px !important;border-bottom-color: #d4c21e !important;border-bottom-style: solid !important;}&#8221;]<span style=\"color: #ffffff; font-size: 42px;\">NEWS<\/span>[\/vc_column_text][vc_gallery type=&#8221;flexslider_slide&#8221; interval=&#8221;3&#8243; images=&#8221;31833&#8243; img_size=&#8221;full&#8221; onclick=&#8221;custom_link&#8221; custom_links_target=&#8221;_blank&#8221; direction_nav=&#8221;yes&#8221; control_nav=&#8221;no&#8221; frame=&#8221;no&#8221; custom_links=&#8221;#E-8_aHR0cHMlM0ElMkYlMkZjc21hLmVzJTJGYWNjZXNvJTJGJTJD&#8221;][\/vc_column][vc_column width=&#8221;1\/3&#8243;][vc_column_text css=&#8221;.vc_custom_1747120808349{margin-bottom: 25px !important;border-bottom-width: 2px !important;padding-bottom: 8px !important;border-bottom-color: #d4c21e !important;border-bottom-style: solid !important;}&#8221;]<span style=\"color: #ffffff; font-size: 42px;\">CALENDAR<\/span>[\/vc_column_text]<div id=\"mec_skin_30774\" class=\"mec-wrap colorskin-custom  \">\r\n\r\n    \r\n    <div class=\"mec-calendar mec-box-calendar mec-event-calendar-classic mec-event-container-classic\" id=\"mec_skin_events_30774_full\">\r\n                <div class=\"mec-calendar-side mec-clear\">\r\n                        <div class=\"mec-skin-monthly-view-month-navigator-container\">\r\n                <div class=\"mec-month-navigator\" id=\"mec_month_navigator_30774_202605\"><div class=\"mec-previous-month mec-load-month mec-previous-month\" data-mec-year=\"2026\" data-mec-month=\"04\"><a href=\"#\" class=\"mec-load-month-link\"><i class=\"mec-sl-angle-left\"><\/i> April<\/a><\/div><div class=\"mec-calendar-header\"><h2>May 2026<\/h2><\/div><div class=\"mec-next-month mec-load-month mec-next-month\" data-mec-year=\"2026\" data-mec-month=\"06\"><a href=\"#\" class=\"mec-load-month-link\">June <i class=\"mec-sl-angle-right\"><\/i><\/a><\/div><\/div>\r\n            <\/div>\r\n            \r\n            <div class=\"mec-calendar-table\" id=\"mec_skin_events_30774\">\r\n                <div class=\"mec-month-container mec-month-container-selected\" id=\"mec_monthly_view_month_30774_202605\" data-month-id=\"202605\"><dl class=\"mec-calendar-table-head\"><dt class=\"mec-calendar-day-head\">MO<\/dt><dt class=\"mec-calendar-day-head\">TU<\/dt><dt class=\"mec-calendar-day-head\">WE<\/dt><dt class=\"mec-calendar-day-head\">TH<\/dt><dt class=\"mec-calendar-day-head\">FR<\/dt><dt class=\"mec-calendar-day-head\">SA<\/dt><dt class=\"mec-calendar-day-head\">SU<\/dt><\/dl><dl class=\"mec-calendar-row\">\r\n    <dt class=\"mec-calendar-day mec-table-nullday  mec-has-event\" data-mec-cell=\"20260427\" data-day=\"27\" data-month=\"202605\"><a href=\"#\" class=\"mec-has-event-a\">27<\/a><\/dt><dt class=\"mec-calendar-day mec-table-nullday  mec-has-event\" data-mec-cell=\"20260428\" data-day=\"28\" data-month=\"202605\"><a href=\"#\" class=\"mec-has-event-a\">28<\/a><\/dt><dt class=\"mec-calendar-day mec-table-nullday  mec-has-event\" data-mec-cell=\"20260429\" data-day=\"29\" data-month=\"202605\"><a href=\"#\" class=\"mec-has-event-a\">29<\/a><\/dt><dt class=\"mec-table-nullday\">30<\/dt><dt class=\"mec-calendar-day  mec-selected-day\" data-mec-cell=\"20260501\" data-day=\"1\" data-month=\"202605\">1<\/dt><dt class=\"mec-calendar-day \" data-mec-cell=\"20260502\" data-day=\"2\" data-month=\"202605\">2<\/dt><dt class=\"mec-calendar-day  mec-has-event\" data-mec-cell=\"20260503\" data-day=\"3\" data-month=\"202605\"><a href=\"#\" class=\"mec-has-event-a\">3<\/a><\/dt><\/dl><div class=\"mec-clear\"><div class=\"mec-calendar-events-sec\" data-mec-cell=\"20260427\" ><h6 class=\"mec-table-side-title\">Events for April<\/h6><h3 class=\"mec-color mec-table-side-day\"> 27<\/h3><article class=\"mec-past-event ended-relative mec-event-article \"><div class=\"mec-event-image\"><\/div><div class=\"mec-monthly-contents\" style=\"width: 100%\"><div class=\"mec-event-time mec-color\"><i class=\"mec-sl-clock-o\"><\/i> All Day<\/div><h4 class=\"mec-event-title\"><a class=\"mec-color-hover\" data-event-id=\"34021\" href=\"https:\/\/csma.es\/en\/events\/masterclass-piano-gregorio-benitez\/\" target=\"_blank\" rel=\"noopener\">Masterclass: Piano \u2013 Gregorio Ben\u00edtez<\/a><\/h4><div class=\"mec-event-detail\">\r\n                        <div class=\"mec-event-loc-place\"><\/div>\r\n                        \r\n                    <\/div><\/article><div style=\"clear:both\"><\/div><article class=\"mec-past-event ended-relative mec-event-article \"><div class=\"mec-event-image\"><\/div><div class=\"mec-monthly-contents\" style=\"width: 100%\"><div class=\"mec-event-time mec-color\"><i class=\"mec-sl-clock-o\"><\/i> All Day<\/div><h4 class=\"mec-event-title\"><a class=\"mec-color-hover\" data-event-id=\"34022\" href=\"https:\/\/csma.es\/en\/events\/masterclass-musica-de-camara-anais-romero\/\" target=\"_blank\" rel=\"noopener\">Masterclass: M\u00fasica de c\u00e1mara \u2013 Anais Romero<\/a><\/h4><div class=\"mec-event-detail\">\r\n                        <div class=\"mec-event-loc-place\"><\/div>\r\n                        \r\n                    <\/div><\/article><div style=\"clear:both\"><\/div><article class=\"mec-past-event ended-relative mec-event-article \"><div class=\"mec-event-image\"><\/div><div class=\"mec-monthly-contents\" style=\"width: 100%\"><div class=\"mec-event-time mec-color\"><i class=\"mec-sl-clock-o\"><\/i> All Day<\/div><h4 class=\"mec-event-title\"><a class=\"mec-color-hover\" data-event-id=\"34023\" href=\"https:\/\/csma.es\/en\/events\/masterclass-viola-olga-gonzalez\/\" target=\"_blank\" rel=\"noopener\">Masterclass: Viola \u2013 Olga Gonz\u00e1lez<\/a><\/h4><div class=\"mec-event-detail\">\r\n                        <div class=\"mec-event-loc-place\"><\/div>\r\n                        \r\n                    <\/div><\/article><div style=\"clear:both\"><\/div><article class=\"mec-past-event ended-relative mec-event-article \"><div class=\"mec-event-image\"><\/div><div class=\"mec-monthly-contents\" style=\"width: 100%\"><div class=\"mec-event-time mec-color\"><i class=\"mec-sl-clock-o\"><\/i> All Day<\/div><h4 class=\"mec-event-title\"><a class=\"mec-color-hover\" data-event-id=\"34024\" href=\"https:\/\/csma.es\/en\/events\/masterclass-tuba-thomas-brunmayr\/\" target=\"_blank\" rel=\"noopener\">Masterclass: Tuba \u2013 Thomas Brunmayr<\/a><\/h4><div class=\"mec-event-detail\">\r\n                        <div class=\"mec-event-loc-place\"><\/div>\r\n                        \r\n                    <\/div><\/article><div style=\"clear:both\"><\/div><\/div><div class=\"mec-calendar-events-sec\" data-mec-cell=\"20260428\" ><h6 class=\"mec-table-side-title\">Events for April<\/h6><h3 class=\"mec-color mec-table-side-day\"> 28<\/h3><article class=\"mec-past-event ended-relative mec-event-article \"><div class=\"mec-event-image\"><\/div><div class=\"mec-monthly-contents\" style=\"width: 100%\"><div class=\"mec-event-time mec-color\"><i class=\"mec-sl-clock-o\"><\/i> All Day<\/div><h4 class=\"mec-event-title\"><a class=\"mec-color-hover\" data-event-id=\"34021\" href=\"https:\/\/csma.es\/en\/events\/masterclass-piano-gregorio-benitez\/\" target=\"_blank\" rel=\"noopener\">Masterclass: Piano \u2013 Gregorio Ben\u00edtez<\/a><\/h4><div class=\"mec-event-detail\">\r\n                        <div class=\"mec-event-loc-place\"><\/div>\r\n                        \r\n                    <\/div><\/article><div style=\"clear:both\"><\/div><article class=\"mec-past-event ended-relative mec-event-article \"><div class=\"mec-event-image\"><\/div><div class=\"mec-monthly-contents\" style=\"width: 100%\"><div class=\"mec-event-time mec-color\"><i class=\"mec-sl-clock-o\"><\/i> All Day<\/div><h4 class=\"mec-event-title\"><a class=\"mec-color-hover\" data-event-id=\"34022\" href=\"https:\/\/csma.es\/en\/events\/masterclass-musica-de-camara-anais-romero\/\" target=\"_blank\" rel=\"noopener\">Masterclass: M\u00fasica de c\u00e1mara \u2013 Anais Romero<\/a><\/h4><div class=\"mec-event-detail\">\r\n                        <div class=\"mec-event-loc-place\"><\/div>\r\n                        \r\n                    <\/div><\/article><div style=\"clear:both\"><\/div><article class=\"mec-past-event ended-relative mec-event-article \"><div class=\"mec-event-image\"><\/div><div class=\"mec-monthly-contents\" style=\"width: 100%\"><div class=\"mec-event-time mec-color\"><i class=\"mec-sl-clock-o\"><\/i> All Day<\/div><h4 class=\"mec-event-title\"><a class=\"mec-color-hover\" data-event-id=\"34023\" href=\"https:\/\/csma.es\/en\/events\/masterclass-viola-olga-gonzalez\/\" target=\"_blank\" rel=\"noopener\">Masterclass: Viola \u2013 Olga Gonz\u00e1lez<\/a><\/h4><div class=\"mec-event-detail\">\r\n                        <div class=\"mec-event-loc-place\"><\/div>\r\n                        \r\n                    <\/div><\/article><div style=\"clear:both\"><\/div><article class=\"mec-past-event ended-relative mec-event-article \"><div class=\"mec-event-image\"><\/div><div class=\"mec-monthly-contents\" style=\"width: 100%\"><div class=\"mec-event-time mec-color\"><i class=\"mec-sl-clock-o\"><\/i> All Day<\/div><h4 class=\"mec-event-title\"><a class=\"mec-color-hover\" data-event-id=\"34024\" href=\"https:\/\/csma.es\/en\/events\/masterclass-tuba-thomas-brunmayr\/\" target=\"_blank\" rel=\"noopener\">Masterclass: Tuba \u2013 Thomas Brunmayr<\/a><\/h4><div class=\"mec-event-detail\">\r\n                        <div class=\"mec-event-loc-place\"><\/div>\r\n                        \r\n                    <\/div><\/article><div style=\"clear:both\"><\/div><article class=\"mec-past-event ended-relative mec-event-article \"><div class=\"mec-event-image\"><\/div><div class=\"mec-monthly-contents\" style=\"width: 100%\"><div class=\"mec-event-time mec-color\"><i class=\"mec-sl-clock-o\"><\/i> All Day<\/div><h4 class=\"mec-event-title\"><a class=\"mec-color-hover\" data-event-id=\"34025\" href=\"https:\/\/csma.es\/en\/events\/masterclass-composicion-luis-codera\/\" target=\"_blank\" rel=\"noopener\">Masterclass: Composici\u00f3n \u2013 Luis Codera<\/a><\/h4><div class=\"mec-event-detail\">\r\n                        <div class=\"mec-event-loc-place\"><\/div>\r\n                        \r\n                    <\/div><\/article><div style=\"clear:both\"><\/div><article class=\"mec-past-event ended-relative mec-event-article \"><div class=\"mec-event-image\"><\/div><div class=\"mec-monthly-contents\" style=\"width: 100%\"><div class=\"mec-event-time mec-color\"><i class=\"mec-sl-clock-o\"><\/i> 7:30 pm - 8:30 pm<\/div><h4 class=\"mec-event-title\"><a class=\"mec-color-hover\" data-event-id=\"32605\" href=\"https:\/\/csma.es\/en\/events\/atmosferas-maestros-csma-antonio-perez-clave-bien-temperado-piano-solo\/\" target=\"_blank\" rel=\"noopener\">ATM\u00d3SFERAS\/MAESTROS CSMA ANTONIO P\u00c9REZ: Clave Bien temperado Piano solo<\/a><\/h4><div class=\"mec-event-detail\">\r\n                        <div class=\"mec-event-loc-place\">Auditorio Eduardo del Pueyo<\/div>\r\n                        \r\n                    <\/div><\/article><div style=\"clear:both\"><\/div><\/div><div class=\"mec-calendar-events-sec\" data-mec-cell=\"20260429\" ><h6 class=\"mec-table-side-title\">Events for April<\/h6><h3 class=\"mec-color mec-table-side-day\"> 29<\/h3><article class=\"mec-past-event ended-relative mec-event-article \"><div class=\"mec-event-image\"><\/div><div class=\"mec-monthly-contents\" style=\"width: 100%\"><div class=\"mec-event-time mec-color\"><i class=\"mec-sl-clock-o\"><\/i> All Day<\/div><h4 class=\"mec-event-title\"><a class=\"mec-color-hover\" data-event-id=\"34024\" href=\"https:\/\/csma.es\/en\/events\/masterclass-tuba-thomas-brunmayr\/\" target=\"_blank\" rel=\"noopener\">Masterclass: Tuba \u2013 Thomas Brunmayr<\/a><\/h4><div class=\"mec-event-detail\">\r\n                        <div class=\"mec-event-loc-place\"><\/div>\r\n                        \r\n                    <\/div><\/article><div style=\"clear:both\"><\/div><article class=\"mec-past-event ended-relative mec-event-article \"><div class=\"mec-event-image\"><\/div><div class=\"mec-monthly-contents\" style=\"width: 100%\"><div class=\"mec-event-time mec-color\"><i class=\"mec-sl-clock-o\"><\/i> All Day<\/div><h4 class=\"mec-event-title\"><a class=\"mec-color-hover\" data-event-id=\"34025\" href=\"https:\/\/csma.es\/en\/events\/masterclass-composicion-luis-codera\/\" target=\"_blank\" rel=\"noopener\">Masterclass: Composici\u00f3n \u2013 Luis Codera<\/a><\/h4><div class=\"mec-event-detail\">\r\n                        <div class=\"mec-event-loc-place\"><\/div>\r\n                        \r\n                    <\/div><\/article><div style=\"clear:both\"><\/div><\/div><div id=\"mec-active-current\" class=\"mec-calendar-events-sec\" data-mec-cell=\"20260501\"><h6 class=\"mec-table-side-title\">Events for May<\/h6><h3 class=\"mec-color mec-table-side-day\"> 1<\/h3><article class=\"mec-event-article\"><div class=\"mec-event-detail\">No Events<\/div><\/article><\/div><div  class=\"mec-calendar-events-sec\" data-mec-cell=\"20260502\"><h6 class=\"mec-table-side-title\">Events for May<\/h6><h3 class=\"mec-color mec-table-side-day\"> 2<\/h3><article class=\"mec-event-article\"><div class=\"mec-event-detail\">No Events<\/div><\/article><\/div><div class=\"mec-calendar-events-sec\" data-mec-cell=\"20260503\" ><h6 class=\"mec-table-side-title\">Events for May<\/h6><h3 class=\"mec-color mec-table-side-day\"> 3<\/h3><article class=\"ended-relative mec-event-article \"><div class=\"mec-event-image\"><\/div><div class=\"mec-monthly-contents\" style=\"width: 100%\"><div class=\"mec-event-time mec-color\"><i class=\"mec-sl-clock-o\"><\/i> 6:00 pm - 7:00 pm<\/div><h4 class=\"mec-event-title\"><a class=\"mec-color-hover\" data-event-id=\"32608\" href=\"https:\/\/csma.es\/en\/events\/orquesta-cuerda-pulsada-compositores-aragoneses-homenaje-jorge-casanova\/\" target=\"_blank\" rel=\"noopener\">ORQUESTA CUERDA PULSADA: Compositores aragoneses &#8211; Homenaje Jorge Casanova<\/a><\/h4><div class=\"mec-event-detail\">\r\n                        <div class=\"mec-event-loc-place\">Auditorio Eduardo del Pueyo<\/div>\r\n                        \r\n                    <\/div><\/article><div style=\"clear:both\"><\/div><\/div><\/div><dl class=\"mec-calendar-row\"><dt class=\"mec-calendar-day  mec-has-event\" data-mec-cell=\"20260504\" data-day=\"4\" data-month=\"202605\"><a href=\"#\" class=\"mec-has-event-a\">4<\/a><\/dt><dt class=\"mec-calendar-day  mec-has-event\" data-mec-cell=\"20260505\" data-day=\"5\" data-month=\"202605\"><a href=\"#\" class=\"mec-has-event-a\">5<\/a><\/dt><dt class=\"mec-calendar-day  mec-has-event\" data-mec-cell=\"20260506\" data-day=\"6\" data-month=\"202605\"><a href=\"#\" class=\"mec-has-event-a\">6<\/a><\/dt><dt class=\"mec-calendar-day  mec-has-event\" data-mec-cell=\"20260507\" data-day=\"7\" data-month=\"202605\"><a href=\"#\" class=\"mec-has-event-a\">7<\/a><\/dt><dt class=\"mec-calendar-day  mec-has-event\" data-mec-cell=\"20260508\" data-day=\"8\" data-month=\"202605\"><a href=\"#\" class=\"mec-has-event-a\">8<\/a><\/dt><dt class=\"mec-calendar-day \" data-mec-cell=\"20260509\" data-day=\"9\" data-month=\"202605\">9<\/dt><dt class=\"mec-calendar-day  mec-has-event\" data-mec-cell=\"20260510\" data-day=\"10\" data-month=\"202605\"><a href=\"#\" class=\"mec-has-event-a\">10<\/a><\/dt><\/dl><div class=\"mec-clear\"><div class=\"mec-calendar-events-sec\" data-mec-cell=\"20260504\" ><h6 class=\"mec-table-side-title\">Events for May<\/h6><h3 class=\"mec-color mec-table-side-day\"> 4<\/h3><article class=\"ended-relative mec-event-article \"><div class=\"mec-event-image\"><\/div><div class=\"mec-monthly-contents\" style=\"width: 100%\"><div class=\"mec-event-time mec-color\"><i class=\"mec-sl-clock-o\"><\/i> All Day<\/div><h4 class=\"mec-event-title\"><a class=\"mec-color-hover\" data-event-id=\"34026\" href=\"https:\/\/csma.es\/en\/events\/masterclass-percusion-mika-takehara\/\" target=\"_blank\" rel=\"noopener\">Masterclass: Percusi\u00f3n \u2013 Mika Takehara<\/a><\/h4><div class=\"mec-event-detail\">\r\n                        <div class=\"mec-event-loc-place\"><\/div>\r\n                        \r\n                    <\/div><\/article><div style=\"clear:both\"><\/div><article class=\"ended-relative mec-event-article \"><div class=\"mec-event-image\"><\/div><div class=\"mec-monthly-contents\" style=\"width: 100%\"><div class=\"mec-event-time mec-color\"><i class=\"mec-sl-clock-o\"><\/i> All Day<\/div><h4 class=\"mec-event-title\"><a class=\"mec-color-hover\" data-event-id=\"34027\" href=\"https:\/\/csma.es\/en\/events\/masterclass-contrabajo-ismael-campanero\/\" target=\"_blank\" rel=\"noopener\">Masterclass: Contrabajo \u2013 Ismael Campanero<\/a><\/h4><div class=\"mec-event-detail\">\r\n                        <div class=\"mec-event-loc-place\"><\/div>\r\n                        \r\n                    <\/div><\/article><div style=\"clear:both\"><\/div><\/div><div class=\"mec-calendar-events-sec\" data-mec-cell=\"20260505\" ><h6 class=\"mec-table-side-title\">Events for May<\/h6><h3 class=\"mec-color mec-table-side-day\"> 5<\/h3><article class=\"ended-relative mec-event-article \"><div class=\"mec-event-image\"><\/div><div class=\"mec-monthly-contents\" style=\"width: 100%\"><div class=\"mec-event-time mec-color\"><i class=\"mec-sl-clock-o\"><\/i> All Day<\/div><h4 class=\"mec-event-title\"><a class=\"mec-color-hover\" data-event-id=\"34026\" href=\"https:\/\/csma.es\/en\/events\/masterclass-percusion-mika-takehara\/\" target=\"_blank\" rel=\"noopener\">Masterclass: Percusi\u00f3n \u2013 Mika Takehara<\/a><\/h4><div class=\"mec-event-detail\">\r\n                        <div class=\"mec-event-loc-place\"><\/div>\r\n                        \r\n                    <\/div><\/article><div style=\"clear:both\"><\/div><article class=\"ended-relative mec-event-article \"><div class=\"mec-event-image\"><\/div><div class=\"mec-monthly-contents\" style=\"width: 100%\"><div class=\"mec-event-time mec-color\"><i class=\"mec-sl-clock-o\"><\/i> 7:00 pm - 8:00 pm<\/div><h4 class=\"mec-event-title\"><a class=\"mec-color-hover\" data-event-id=\"33111\" href=\"https:\/\/csma.es\/en\/events\/ciclo-petit-comite-2026-concierto-3-referentes\/\" target=\"_blank\" rel=\"noopener\">CICLO PETIT COMIT\u00c9 2026. CONCIERTO 3. REFERENTES<\/a><\/h4><div class=\"mec-event-detail\">\r\n                        <div class=\"mec-event-loc-place\"><\/div>\r\n                        \r\n                    <\/div><\/article><div style=\"clear:both\"><\/div><\/div><div class=\"mec-calendar-events-sec\" data-mec-cell=\"20260506\" ><h6 class=\"mec-table-side-title\">Events for May<\/h6><h3 class=\"mec-color mec-table-side-day\"> 6<\/h3><article class=\"ended-relative mec-event-article \"><div class=\"mec-event-image\"><\/div><div class=\"mec-monthly-contents\" style=\"width: 100%\"><div class=\"mec-event-time mec-color\"><i class=\"mec-sl-clock-o\"><\/i> All Day<\/div><h4 class=\"mec-event-title\"><a class=\"mec-color-hover\" data-event-id=\"34028\" href=\"https:\/\/csma.es\/en\/events\/masterclass-trombon-miguel-garcia-casas\/\" target=\"_blank\" rel=\"noopener\">Masterclass: Tromb\u00f3n \u2013 Miguel Garc\u00eda Casas<\/a><\/h4><div class=\"mec-event-detail\">\r\n                        <div class=\"mec-event-loc-place\"><\/div>\r\n                        \r\n                    <\/div><\/article><div style=\"clear:both\"><\/div><article class=\"ended-relative mec-event-article \"><div class=\"mec-event-image\"><\/div><div class=\"mec-monthly-contents\" style=\"width: 100%\"><div class=\"mec-event-time mec-color\"><i class=\"mec-sl-clock-o\"><\/i> All Day<\/div><h4 class=\"mec-event-title\"><a class=\"mec-color-hover\" data-event-id=\"34029\" href=\"https:\/\/csma.es\/en\/events\/masterclass-violin-vicente-huerta-3\/\" target=\"_blank\" rel=\"noopener\">Masterclass: Viol\u00edn \u2013 Vicente Huerta<\/a><\/h4><div class=\"mec-event-detail\">\r\n                        <div class=\"mec-event-loc-place\"><\/div>\r\n                        \r\n                    <\/div><\/article><div style=\"clear:both\"><\/div><\/div><div class=\"mec-calendar-events-sec\" data-mec-cell=\"20260507\" ><h6 class=\"mec-table-side-title\">Events for May<\/h6><h3 class=\"mec-color mec-table-side-day\"> 7<\/h3><article class=\"ended-relative mec-event-article \"><div class=\"mec-event-image\"><\/div><div class=\"mec-monthly-contents\" style=\"width: 100%\"><div class=\"mec-event-time mec-color\"><i class=\"mec-sl-clock-o\"><\/i> All Day<\/div><h4 class=\"mec-event-title\"><a class=\"mec-color-hover\" data-event-id=\"34028\" href=\"https:\/\/csma.es\/en\/events\/masterclass-trombon-miguel-garcia-casas\/\" target=\"_blank\" rel=\"noopener\">Masterclass: Tromb\u00f3n \u2013 Miguel Garc\u00eda Casas<\/a><\/h4><div class=\"mec-event-detail\">\r\n                        <div class=\"mec-event-loc-place\"><\/div>\r\n                        \r\n                    <\/div><\/article><div style=\"clear:both\"><\/div><article class=\"ended-relative mec-event-article \"><div class=\"mec-event-image\"><\/div><div class=\"mec-monthly-contents\" style=\"width: 100%\"><div class=\"mec-event-time mec-color\"><i class=\"mec-sl-clock-o\"><\/i> All Day<\/div><h4 class=\"mec-event-title\"><a class=\"mec-color-hover\" data-event-id=\"34029\" href=\"https:\/\/csma.es\/en\/events\/masterclass-violin-vicente-huerta-3\/\" target=\"_blank\" rel=\"noopener\">Masterclass: Viol\u00edn \u2013 Vicente Huerta<\/a><\/h4><div class=\"mec-event-detail\">\r\n                        <div class=\"mec-event-loc-place\"><\/div>\r\n                        \r\n                    <\/div><\/article><div style=\"clear:both\"><\/div><\/div><div class=\"mec-calendar-events-sec\" data-mec-cell=\"20260508\" ><h6 class=\"mec-table-side-title\">Events for May<\/h6><h3 class=\"mec-color mec-table-side-day\"> 8<\/h3><article class=\"ended-relative mec-event-article \"><div class=\"mec-event-image\"><\/div><div class=\"mec-monthly-contents\" style=\"width: 100%\"><div class=\"mec-event-time mec-color\"><i class=\"mec-sl-clock-o\"><\/i> All Day<\/div><h4 class=\"mec-event-title\"><a class=\"mec-color-hover\" data-event-id=\"34028\" href=\"https:\/\/csma.es\/en\/events\/masterclass-trombon-miguel-garcia-casas\/\" target=\"_blank\" rel=\"noopener\">Masterclass: Tromb\u00f3n \u2013 Miguel Garc\u00eda Casas<\/a><\/h4><div class=\"mec-event-detail\">\r\n                        <div class=\"mec-event-loc-place\"><\/div>\r\n                        \r\n                    <\/div><\/article><div style=\"clear:both\"><\/div><\/div><div  class=\"mec-calendar-events-sec\" data-mec-cell=\"20260509\"><h6 class=\"mec-table-side-title\">Events for May<\/h6><h3 class=\"mec-color mec-table-side-day\"> 9<\/h3><article class=\"mec-event-article\"><div class=\"mec-event-detail\">No Events<\/div><\/article><\/div><div class=\"mec-calendar-events-sec\" data-mec-cell=\"20260510\" ><h6 class=\"mec-table-side-title\">Events for May<\/h6><h3 class=\"mec-color mec-table-side-day\"> 10<\/h3><article class=\"ended-relative mec-event-article \"><div class=\"mec-event-image\"><\/div><div class=\"mec-monthly-contents\" style=\"width: 100%\"><div class=\"mec-event-time mec-color\"><i class=\"mec-sl-clock-o\"><\/i> 12:00 pm - 1:00 pm<\/div><h4 class=\"mec-event-title\"><a class=\"mec-color-hover\" data-event-id=\"32606\" href=\"https:\/\/csma.es\/en\/events\/en-familia-jazz-academy-entre-jazz\/\" target=\"_blank\" rel=\"noopener\">EN FAMILIA\/JAZZ ACADEMY Entre jazz<\/a><\/h4><div class=\"mec-event-detail\">\r\n                        <div class=\"mec-event-loc-place\">Auditorio Eduardo del Pueyo<\/div>\r\n                        \r\n                    <\/div><\/article><div style=\"clear:both\"><\/div><article class=\"ended-relative mec-event-article \"><div class=\"mec-event-image\"><\/div><div class=\"mec-monthly-contents\" style=\"width: 100%\"><div class=\"mec-event-time mec-color\"><i class=\"mec-sl-clock-o\"><\/i> 6:00 pm - 7:00 pm<\/div><h4 class=\"mec-event-title\"><a class=\"mec-color-hover\" data-event-id=\"33115\" href=\"https:\/\/csma.es\/en\/events\/aragon-tierra-de-cultura-academia-de-musica-antigua\/\" target=\"_blank\" rel=\"noopener\">ARAG\u00d3N TIERRA DE CULTURA: ACADEMIA DE M\u00daSICA ANTIGUA<\/a><\/h4><div class=\"mec-event-detail\">\r\n                        <div class=\"mec-event-loc-place\"><\/div>\r\n                        \r\n                    <\/div><\/article><div style=\"clear:both\"><\/div><\/div><\/div><dl class=\"mec-calendar-row\"><dt class=\"mec-calendar-day  mec-has-event\" data-mec-cell=\"20260511\" data-day=\"11\" data-month=\"202605\"><a href=\"#\" class=\"mec-has-event-a\">11<\/a><\/dt><dt class=\"mec-calendar-day \" data-mec-cell=\"20260512\" data-day=\"12\" data-month=\"202605\">12<\/dt><dt class=\"mec-calendar-day \" data-mec-cell=\"20260513\" data-day=\"13\" data-month=\"202605\">13<\/dt><dt class=\"mec-calendar-day \" data-mec-cell=\"20260514\" data-day=\"14\" data-month=\"202605\">14<\/dt><dt class=\"mec-calendar-day \" data-mec-cell=\"20260515\" data-day=\"15\" data-month=\"202605\">15<\/dt><dt class=\"mec-calendar-day \" data-mec-cell=\"20260516\" data-day=\"16\" data-month=\"202605\">16<\/dt><dt class=\"mec-calendar-day \" data-mec-cell=\"20260517\" data-day=\"17\" data-month=\"202605\">17<\/dt><\/dl><div class=\"mec-clear\"><div class=\"mec-calendar-events-sec\" data-mec-cell=\"20260511\" ><h6 class=\"mec-table-side-title\">Events for May<\/h6><h3 class=\"mec-color mec-table-side-day\"> 11<\/h3><article class=\"ended-relative mec-event-article \"><div class=\"mec-event-image\"><\/div><div class=\"mec-monthly-contents\" style=\"width: 100%\"><div class=\"mec-event-time mec-color\"><i class=\"mec-sl-clock-o\"><\/i> 7:00 pm - 8:00 pm<\/div><h4 class=\"mec-event-title\"><a class=\"mec-color-hover\" data-event-id=\"33112\" href=\"https:\/\/csma.es\/en\/events\/ciclo-petit-comite-2026-concierto-4-academia-musica-antigua\/\" target=\"_blank\" rel=\"noopener\">CICLO PETIT COMIT\u00c9 2026. CONCIERTO 4. ACADEMIA M\u00daSICA ANTIGUA<\/a><\/h4><div class=\"mec-event-detail\">\r\n                        <div class=\"mec-event-loc-place\"><\/div>\r\n                        \r\n                    <\/div><\/article><div style=\"clear:both\"><\/div><\/div><div  class=\"mec-calendar-events-sec\" data-mec-cell=\"20260512\"><h6 class=\"mec-table-side-title\">Events for May<\/h6><h3 class=\"mec-color mec-table-side-day\"> 12<\/h3><article class=\"mec-event-article\"><div class=\"mec-event-detail\">No Events<\/div><\/article><\/div><div  class=\"mec-calendar-events-sec\" data-mec-cell=\"20260513\"><h6 class=\"mec-table-side-title\">Events for May<\/h6><h3 class=\"mec-color mec-table-side-day\"> 13<\/h3><article class=\"mec-event-article\"><div class=\"mec-event-detail\">No Events<\/div><\/article><\/div><div  class=\"mec-calendar-events-sec\" data-mec-cell=\"20260514\"><h6 class=\"mec-table-side-title\">Events for May<\/h6><h3 class=\"mec-color mec-table-side-day\"> 14<\/h3><article class=\"mec-event-article\"><div class=\"mec-event-detail\">No Events<\/div><\/article><\/div><div  class=\"mec-calendar-events-sec\" data-mec-cell=\"20260515\"><h6 class=\"mec-table-side-title\">Events for May<\/h6><h3 class=\"mec-color mec-table-side-day\"> 15<\/h3><article class=\"mec-event-article\"><div class=\"mec-event-detail\">No Events<\/div><\/article><\/div><div  class=\"mec-calendar-events-sec\" data-mec-cell=\"20260516\"><h6 class=\"mec-table-side-title\">Events for May<\/h6><h3 class=\"mec-color mec-table-side-day\"> 16<\/h3><article class=\"mec-event-article\"><div class=\"mec-event-detail\">No Events<\/div><\/article><\/div><div  class=\"mec-calendar-events-sec\" data-mec-cell=\"20260517\"><h6 class=\"mec-table-side-title\">Events for May<\/h6><h3 class=\"mec-color mec-table-side-day\"> 17<\/h3><article class=\"mec-event-article\"><div class=\"mec-event-detail\">No Events<\/div><\/article><\/div><\/div><dl class=\"mec-calendar-row\"><dt class=\"mec-calendar-day  mec-has-event\" data-mec-cell=\"20260518\" data-day=\"18\" data-month=\"202605\"><a href=\"#\" class=\"mec-has-event-a\">18<\/a><\/dt><dt class=\"mec-calendar-day  mec-has-event\" data-mec-cell=\"20260519\" data-day=\"19\" data-month=\"202605\"><a href=\"#\" class=\"mec-has-event-a\">19<\/a><\/dt><dt class=\"mec-calendar-day  mec-has-event\" data-mec-cell=\"20260520\" data-day=\"20\" data-month=\"202605\"><a href=\"#\" class=\"mec-has-event-a\">20<\/a><\/dt><dt class=\"mec-calendar-day \" data-mec-cell=\"20260521\" data-day=\"21\" data-month=\"202605\">21<\/dt><dt class=\"mec-calendar-day \" data-mec-cell=\"20260522\" data-day=\"22\" data-month=\"202605\">22<\/dt><dt class=\"mec-calendar-day \" data-mec-cell=\"20260523\" data-day=\"23\" data-month=\"202605\">23<\/dt><dt class=\"mec-calendar-day \" data-mec-cell=\"20260524\" data-day=\"24\" data-month=\"202605\">24<\/dt><\/dl><div class=\"mec-clear\"><div class=\"mec-calendar-events-sec\" data-mec-cell=\"20260518\" ><h6 class=\"mec-table-side-title\">Events for May<\/h6><h3 class=\"mec-color mec-table-side-day\"> 18<\/h3><article class=\"ended-relative mec-event-article \"><div class=\"mec-event-image\"><\/div><div class=\"mec-monthly-contents\" style=\"width: 100%\"><div class=\"mec-event-time mec-color\"><i class=\"mec-sl-clock-o\"><\/i> All Day<\/div><h4 class=\"mec-event-title\"><a class=\"mec-color-hover\" data-event-id=\"34030\" href=\"https:\/\/csma.es\/en\/events\/masterclass-fagot-pierre-martens\/\" target=\"_blank\" rel=\"noopener\">Masterclass: Fagot \u2013 Pierre Martens<\/a><\/h4><div class=\"mec-event-detail\">\r\n                        <div class=\"mec-event-loc-place\"><\/div>\r\n                        \r\n                    <\/div><\/article><div style=\"clear:both\"><\/div><\/div><div class=\"mec-calendar-events-sec\" data-mec-cell=\"20260519\" ><h6 class=\"mec-table-side-title\">Events for May<\/h6><h3 class=\"mec-color mec-table-side-day\"> 19<\/h3><article class=\"ended-relative mec-event-article \"><div class=\"mec-event-image\"><\/div><div class=\"mec-monthly-contents\" style=\"width: 100%\"><div class=\"mec-event-time mec-color\"><i class=\"mec-sl-clock-o\"><\/i> All Day<\/div><h4 class=\"mec-event-title\"><a class=\"mec-color-hover\" data-event-id=\"34030\" href=\"https:\/\/csma.es\/en\/events\/masterclass-fagot-pierre-martens\/\" target=\"_blank\" rel=\"noopener\">Masterclass: Fagot \u2013 Pierre Martens<\/a><\/h4><div class=\"mec-event-detail\">\r\n                        <div class=\"mec-event-loc-place\"><\/div>\r\n                        \r\n                    <\/div><\/article><div style=\"clear:both\"><\/div><\/div><div class=\"mec-calendar-events-sec\" data-mec-cell=\"20260520\" ><h6 class=\"mec-table-side-title\">Events for May<\/h6><h3 class=\"mec-color mec-table-side-day\"> 20<\/h3><article class=\"ended-relative mec-event-article \"><div class=\"mec-event-image\"><\/div><div class=\"mec-monthly-contents\" style=\"width: 100%\"><div class=\"mec-event-time mec-color\"><i class=\"mec-sl-clock-o\"><\/i> All Day<\/div><h4 class=\"mec-event-title\"><a class=\"mec-color-hover\" data-event-id=\"34030\" href=\"https:\/\/csma.es\/en\/events\/masterclass-fagot-pierre-martens\/\" target=\"_blank\" rel=\"noopener\">Masterclass: Fagot \u2013 Pierre Martens<\/a><\/h4><div class=\"mec-event-detail\">\r\n                        <div class=\"mec-event-loc-place\"><\/div>\r\n                        \r\n                    <\/div><\/article><div style=\"clear:both\"><\/div><\/div><div  class=\"mec-calendar-events-sec\" data-mec-cell=\"20260521\"><h6 class=\"mec-table-side-title\">Events for May<\/h6><h3 class=\"mec-color mec-table-side-day\"> 21<\/h3><article class=\"mec-event-article\"><div class=\"mec-event-detail\">No Events<\/div><\/article><\/div><div  class=\"mec-calendar-events-sec\" data-mec-cell=\"20260522\"><h6 class=\"mec-table-side-title\">Events for May<\/h6><h3 class=\"mec-color mec-table-side-day\"> 22<\/h3><article class=\"mec-event-article\"><div class=\"mec-event-detail\">No Events<\/div><\/article><\/div><div  class=\"mec-calendar-events-sec\" data-mec-cell=\"20260523\"><h6 class=\"mec-table-side-title\">Events for May<\/h6><h3 class=\"mec-color mec-table-side-day\"> 23<\/h3><article class=\"mec-event-article\"><div class=\"mec-event-detail\">No Events<\/div><\/article><\/div><div  class=\"mec-calendar-events-sec\" data-mec-cell=\"20260524\"><h6 class=\"mec-table-side-title\">Events for May<\/h6><h3 class=\"mec-color mec-table-side-day\"> 24<\/h3><article class=\"mec-event-article\"><div class=\"mec-event-detail\">No Events<\/div><\/article><\/div><\/div><dl class=\"mec-calendar-row\"><dt class=\"mec-calendar-day  mec-has-event\" data-mec-cell=\"20260525\" data-day=\"25\" data-month=\"202605\"><a href=\"#\" class=\"mec-has-event-a\">25<\/a><\/dt><dt class=\"mec-calendar-day \" data-mec-cell=\"20260526\" data-day=\"26\" data-month=\"202605\">26<\/dt><dt class=\"mec-calendar-day \" data-mec-cell=\"20260527\" data-day=\"27\" data-month=\"202605\">27<\/dt><dt class=\"mec-calendar-day \" data-mec-cell=\"20260528\" data-day=\"28\" data-month=\"202605\">28<\/dt><dt class=\"mec-calendar-day \" data-mec-cell=\"20260529\" data-day=\"29\" data-month=\"202605\">29<\/dt><dt class=\"mec-calendar-day \" data-mec-cell=\"20260530\" data-day=\"30\" data-month=\"202605\">30<\/dt><dt class=\"mec-calendar-day \" data-mec-cell=\"20260531\" data-day=\"31\" data-month=\"202605\">31<\/dt><\/dl><div class=\"mec-clear\"><div class=\"mec-calendar-events-sec\" data-mec-cell=\"20260525\" ><h6 class=\"mec-table-side-title\">Events for May<\/h6><h3 class=\"mec-color mec-table-side-day\"> 25<\/h3><article class=\"ended-relative mec-event-article \"><div class=\"mec-event-image\"><\/div><div class=\"mec-monthly-contents\" style=\"width: 100%\"><div class=\"mec-event-time mec-color\"><i class=\"mec-sl-clock-o\"><\/i> 7:00 pm - 8:00 pm<\/div><h4 class=\"mec-event-title\"><a class=\"mec-color-hover\" data-event-id=\"33113\" href=\"https:\/\/csma.es\/en\/events\/ciclo-petit-comite-2026-concierto-5-ensemble-de-clarinetes\/\" target=\"_blank\" rel=\"noopener\">CICLO PETIT COMIT\u00c9 2026. CONCIERTO 5. ENSEMBLE DE CLARINETES<\/a><\/h4><div class=\"mec-event-detail\">\r\n                        <div class=\"mec-event-loc-place\"><\/div>\r\n                        \r\n                    <\/div><\/article><div style=\"clear:both\"><\/div><\/div><div  class=\"mec-calendar-events-sec\" data-mec-cell=\"20260526\"><h6 class=\"mec-table-side-title\">Events for May<\/h6><h3 class=\"mec-color mec-table-side-day\"> 26<\/h3><article class=\"mec-event-article\"><div class=\"mec-event-detail\">No Events<\/div><\/article><\/div><div  class=\"mec-calendar-events-sec\" data-mec-cell=\"20260527\"><h6 class=\"mec-table-side-title\">Events for May<\/h6><h3 class=\"mec-color mec-table-side-day\"> 27<\/h3><article class=\"mec-event-article\"><div class=\"mec-event-detail\">No Events<\/div><\/article><\/div><div  class=\"mec-calendar-events-sec\" data-mec-cell=\"20260528\"><h6 class=\"mec-table-side-title\">Events for May<\/h6><h3 class=\"mec-color mec-table-side-day\"> 28<\/h3><article class=\"mec-event-article\"><div class=\"mec-event-detail\">No Events<\/div><\/article><\/div><div  class=\"mec-calendar-events-sec\" data-mec-cell=\"20260529\"><h6 class=\"mec-table-side-title\">Events for May<\/h6><h3 class=\"mec-color mec-table-side-day\"> 29<\/h3><article class=\"mec-event-article\"><div class=\"mec-event-detail\">No Events<\/div><\/article><\/div><div  class=\"mec-calendar-events-sec\" data-mec-cell=\"20260530\"><h6 class=\"mec-table-side-title\">Events for May<\/h6><h3 class=\"mec-color mec-table-side-day\"> 30<\/h3><article class=\"mec-event-article\"><div class=\"mec-event-detail\">No Events<\/div><\/article><\/div><div  class=\"mec-calendar-events-sec\" data-mec-cell=\"20260531\"><h6 class=\"mec-table-side-title\">Events for May<\/h6><h3 class=\"mec-color mec-table-side-day\"> 31<\/h3><article class=\"mec-event-article\"><div class=\"mec-event-detail\">No Events<\/div><\/article><\/div><\/div><dl class=\"mec-calendar-row\"><\/dl>\r\n<div class=\"mec-clear\">\r\n    <\/div>\r\n<\/div>\r\n            <\/div>\r\n\r\n                    <\/div>\r\n            <\/div>\r\n\r\n        \r\n        <div class=\"mec-modal-result\"><\/div>\r\n\r\n<\/div>[\/vc_column][\/vc_row][vc_row css_animation=&#8221;&#8221; row_type=&#8221;row&#8221; use_row_as_full_screen_section=&#8221;no&#8221; type=&#8221;full_width&#8221; angled_section=&#8221;no&#8221; text_align=&#8221;left&#8221; background_image_as_pattern=&#8221;without_pattern&#8221; background_color=&#8221;rgba(10,10,10,0.92)&#8221; el_id=&#8221;fila_noticias&#8221; z_index=&#8221;&#8221; css=&#8221;.vc_custom_1747130464503{padding-top: 60px !important;padding-bottom: 60px !important;background-color: #f9f9f9 !important;}&#8221;][vc_column width=&#8221;4\/6&#8243; el_id=&#8221;noticias_banner&#8221;][vc_column_text el_id=&#8221;btn_subscribe2&#8243;]<span style=\"font-size: 36pt;\">LATEST <\/span><span style=\"font-size: 36pt;\">F<\/span><span style=\"font-size: 36pt;\">ROM CSMA<\/span>[\/vc_column_text][\/vc_column][vc_column width=&#8221;2\/6&#8243; el_class=&#8221;alinear-columna-dcha&#8221;]<a id=\"btn_subscribe2\" itemprop=\"url\" href=\"\" target=\"_top\" data-hover-border-color=#d4c21e data-hover-color=#ffffff class=\"qbutton  big_large center default\" style=\"color: #0a0a0a; border-color: #000000; font-weight: 500; font-family: PT Sans; background-color: #f9f9f9;\">SUBSCRIBE<i class=\"qode_icon_font_awesome fa fa-plus-square-o qode_button_icon_element\" style=\"\" ><\/i><\/a><a  itemprop=\"url\" href=\"https:\/\/csma.es\/noticias\/\" target=\"_self\" data-hover-color=#ffffff class=\"qbutton  big_large center default\" style=\"color: #0a0a0a; font-weight: 500; font-family: PT Sans; background-color: rgba(249,249,249,0.01);\">MORE NEWS<i class=\"qode_icon_font_awesome fa fa-arrow-right qode_button_icon_element\" style=\"\" ><\/i><\/a>[\/vc_column][\/vc_row][vc_row css_animation=&#8221;&#8221; row_type=&#8221;row&#8221; use_row_as_full_screen_section=&#8221;no&#8221; type=&#8221;full_width&#8221; angled_section=&#8221;no&#8221; text_align=&#8221;left&#8221; background_image_as_pattern=&#8221;without_pattern&#8221; background_color=&#8221;rgba(10,10,10,0.92)&#8221; el_id=&#8221;fila_posts&#8221; z_index=&#8221;&#8221;][vc_column]<div class=\"qode-news-holder qode-post-carousel1 qode-nl-normal-space\"  data-post-status=publish data-category-name=noticias data-ignore-sticky-posts=1 data-posts-per-page=7 data-paged=1 data-max-num-pages=103 data-next-page=2 data-title-tag=h4 data-image-size=full data-display-categories=no data-display-excerpt=yes data-excerpt-length=25 data-display-date=no data-display-author=no data-display-share=no data-display-hot-trending-icons=no data-layout=qode_post_carousel1><div class=\"qode-news-list-inner-holder qode-owl-slider\" data-enable-navigation=\"no\" data-enable-pagination=\"no\" data-number-of-items=\"4\"><div class=\"qode-news-item qode-layout1-item\">\n\t\t<div class=\"qode-news-item-image-holder\">\n\t\t\t<div class=\"qode-post-image\">\n\t    <a itemprop=\"url\" href=\"https:\/\/csma.es\/en\/noticias\/el-taller-de-jazz-cierra-el-ciclo-en-familia-25-26\/\" title=\"EL TALLER DE JAZZ CIERRA EL CICLO EN FAMILIA 25\/26\">\n                        <img loading=\"lazy\" decoding=\"async\" width=\"1920\" height=\"1080\" src=\"https:\/\/csma.es\/wp-content\/uploads\/2026\/05\/10052026_En-familia_TALLER-DE-JAZZ.jpg\" class=\"attachment-full size-full wp-post-image\" alt=\"\" srcset=\"https:\/\/csma.es\/wp-content\/uploads\/2026\/05\/10052026_En-familia_TALLER-DE-JAZZ.jpg 1920w, https:\/\/csma.es\/wp-content\/uploads\/2026\/05\/10052026_En-familia_TALLER-DE-JAZZ-300x169.jpg 300w, https:\/\/csma.es\/wp-content\/uploads\/2026\/05\/10052026_En-familia_TALLER-DE-JAZZ-1024x576.jpg 1024w, https:\/\/csma.es\/wp-content\/uploads\/2026\/05\/10052026_En-familia_TALLER-DE-JAZZ-768x432.jpg 768w, https:\/\/csma.es\/wp-content\/uploads\/2026\/05\/10052026_En-familia_TALLER-DE-JAZZ-1536x864.jpg 1536w, https:\/\/csma.es\/wp-content\/uploads\/2026\/05\/10052026_En-familia_TALLER-DE-JAZZ-1200x675.jpg 1200w, https:\/\/csma.es\/wp-content\/uploads\/2026\/05\/10052026_En-familia_TALLER-DE-JAZZ-700x394.jpg 700w, https:\/\/csma.es\/wp-content\/uploads\/2026\/05\/10052026_En-familia_TALLER-DE-JAZZ-539x303.jpg 539w, https:\/\/csma.es\/wp-content\/uploads\/2026\/05\/10052026_En-familia_TALLER-DE-JAZZ-1320x743.jpg 1320w\" sizes=\"auto, (max-width: 1920px) 100vw, 1920px\" \/>            \t    <\/a>\n\t<\/div>\n        <div class=\"qode-news-image-info-holder-left\">\n\t\t\t        <\/div>\n        <div class=\"qode-news-image-info-holder-right\">\n\t\t\t\t\t<\/div>\n\t<\/div>\n    \t<div class=\"qode-ni-content\">\n        \t\t\n<h4 itemprop=\"name\" class=\"entry-title qode-post-title\">\n    <a itemprop=\"url\" href=\"https:\/\/csma.es\/en\/noticias\/el-taller-de-jazz-cierra-el-ciclo-en-familia-25-26\/\" title=\"EL TALLER DE JAZZ CIERRA EL CICLO EN FAMILIA 25\/26\">\n        EL TALLER DE JAZZ CIERRA EL CICLO EN FAMILIA 25\/26    <\/a>\n<\/h4>\t\t\n\n        <div class=\"qode-post-excerpt-holder\">\n            El pr\u00f3ximo domingo 10 de mayo el Taller de Jazz del CSMA pondr\u00e1 el broche final a los conciertos del Ciclo EnFamilia CSMA que pretenden        <\/div>\n\n\t\t\t        \t<\/div>\n<\/div><div class=\"qode-news-item qode-layout1-item\">\n\t\t<div class=\"qode-news-item-image-holder\">\n\t\t\t<div class=\"qode-post-image\">\n\t    <a itemprop=\"url\" href=\"https:\/\/csma.es\/en\/noticias\/conciertos-referentes-4-y-5-de-mayo\/\" title=\"CONCIERTO REFERENTES EN AUDITORIO EDUARDO DEL PUEYO\">\n                        <img loading=\"lazy\" decoding=\"async\" width=\"960\" height=\"540\" src=\"https:\/\/csma.es\/wp-content\/uploads\/2026\/05\/Concierto-REFERENTES-4-de-mayo.png\" class=\"attachment-full size-full wp-post-image\" alt=\"\" srcset=\"https:\/\/csma.es\/wp-content\/uploads\/2026\/05\/Concierto-REFERENTES-4-de-mayo.png 960w, https:\/\/csma.es\/wp-content\/uploads\/2026\/05\/Concierto-REFERENTES-4-de-mayo-300x169.png 300w, https:\/\/csma.es\/wp-content\/uploads\/2026\/05\/Concierto-REFERENTES-4-de-mayo-768x432.png 768w, https:\/\/csma.es\/wp-content\/uploads\/2026\/05\/Concierto-REFERENTES-4-de-mayo-700x394.png 700w, https:\/\/csma.es\/wp-content\/uploads\/2026\/05\/Concierto-REFERENTES-4-de-mayo-539x303.png 539w\" sizes=\"auto, (max-width: 960px) 100vw, 960px\" \/>            \t    <\/a>\n\t<\/div>\n        <div class=\"qode-news-image-info-holder-left\">\n\t\t\t        <\/div>\n        <div class=\"qode-news-image-info-holder-right\">\n\t\t\t\t\t<\/div>\n\t<\/div>\n    \t<div class=\"qode-ni-content\">\n        \t\t\n<h4 itemprop=\"name\" class=\"entry-title qode-post-title\">\n    <a itemprop=\"url\" href=\"https:\/\/csma.es\/en\/noticias\/conciertos-referentes-4-y-5-de-mayo\/\" title=\"CONCIERTO REFERENTES EN AUDITORIO EDUARDO DEL PUEYO\">\n        CONCIERTO REFERENTES EN AUDITORIO EDUARDO DEL PUEYO    <\/a>\n<\/h4>\t\t\n\n        <div class=\"qode-post-excerpt-holder\">\n            Pr\u00f3ximo concierto de REFERENTES: Miradas boreales\r\n\r\n&nbsp;\r\n\r\n4 de mayo a las 19:30 en Auditorio Eduardo del Pueyo.\r\n\r\nEntrada Libre\r\n\r\n\r\n\r\nSof\u00eda Gubaidulina (1931- 2025) \r\n\r\nToccata-troncata\r\nJaime Spinola Almendral,\r\n\r\nInvenci\u00f3n piano Musical        <\/div>\n\n\t\t\t        \t<\/div>\n<\/div><div class=\"qode-news-item qode-layout1-item\">\n\t\t<div class=\"qode-news-item-image-holder\">\n\t\t\t<div class=\"qode-post-image\">\n\t    <a itemprop=\"url\" href=\"https:\/\/csma.es\/en\/noticias\/orquesta-de-cuerda-pulsada-en-el-auditorio-eduardo-del-pueyo\/\" title=\"ORQUESTA DE CUERDA PULSADA EN EL AUDITORIO EDUARDO DEL PUEYO\">\n                        <img loading=\"lazy\" decoding=\"async\" width=\"1920\" height=\"1080\" src=\"https:\/\/csma.es\/wp-content\/uploads\/2026\/04\/03052026_INOUT_CONCIERTO-ORQUESTA-PULSADA.jpg\" class=\"attachment-full size-full wp-post-image\" alt=\"\" srcset=\"https:\/\/csma.es\/wp-content\/uploads\/2026\/04\/03052026_INOUT_CONCIERTO-ORQUESTA-PULSADA.jpg 1920w, https:\/\/csma.es\/wp-content\/uploads\/2026\/04\/03052026_INOUT_CONCIERTO-ORQUESTA-PULSADA-300x169.jpg 300w, https:\/\/csma.es\/wp-content\/uploads\/2026\/04\/03052026_INOUT_CONCIERTO-ORQUESTA-PULSADA-1024x576.jpg 1024w, https:\/\/csma.es\/wp-content\/uploads\/2026\/04\/03052026_INOUT_CONCIERTO-ORQUESTA-PULSADA-768x432.jpg 768w, https:\/\/csma.es\/wp-content\/uploads\/2026\/04\/03052026_INOUT_CONCIERTO-ORQUESTA-PULSADA-1536x864.jpg 1536w, https:\/\/csma.es\/wp-content\/uploads\/2026\/04\/03052026_INOUT_CONCIERTO-ORQUESTA-PULSADA-1200x675.jpg 1200w, https:\/\/csma.es\/wp-content\/uploads\/2026\/04\/03052026_INOUT_CONCIERTO-ORQUESTA-PULSADA-700x394.jpg 700w, https:\/\/csma.es\/wp-content\/uploads\/2026\/04\/03052026_INOUT_CONCIERTO-ORQUESTA-PULSADA-539x303.jpg 539w, https:\/\/csma.es\/wp-content\/uploads\/2026\/04\/03052026_INOUT_CONCIERTO-ORQUESTA-PULSADA-1320x743.jpg 1320w\" sizes=\"auto, (max-width: 1920px) 100vw, 1920px\" \/>            \t    <\/a>\n\t<\/div>\n        <div class=\"qode-news-image-info-holder-left\">\n\t\t\t        <\/div>\n        <div class=\"qode-news-image-info-holder-right\">\n\t\t\t\t\t<\/div>\n\t<\/div>\n    \t<div class=\"qode-ni-content\">\n        \t\t\n<h4 itemprop=\"name\" class=\"entry-title qode-post-title\">\n    <a itemprop=\"url\" href=\"https:\/\/csma.es\/en\/noticias\/orquesta-de-cuerda-pulsada-en-el-auditorio-eduardo-del-pueyo\/\" title=\"ORQUESTA DE CUERDA PULSADA EN EL AUDITORIO EDUARDO DEL PUEYO\">\n        ORQUESTA DE CUERDA PULSADA EN EL AUDITORIO EDUARDO DEL PUEYO    <\/a>\n<\/h4>\t\t\n\n        <div class=\"qode-post-excerpt-holder\">\n            ORQUESTA DE CUERDA PULSADA DE ZARAGOZA\r\nConservatorio Profesional de M\u00fasica de Zaragoza (CPMZ)\r\nConservatorio Superior de M\u00fasica de Arag\u00f3n (CSMA)\r\n\r\nDOMINGO 3 DE MAYO A LAS 18:00\r\n\r\nAUDITORIO EDUARDO        <\/div>\n\n\t\t\t        \t<\/div>\n<\/div><div class=\"qode-news-item qode-layout1-item\">\n\t\t<div class=\"qode-news-item-image-holder\">\n\t\t\t<div class=\"qode-post-image\">\n\t    <a itemprop=\"url\" href=\"https:\/\/csma.es\/en\/noticias\/premiados-concurso-solistas-csma\/\" title=\"PREMIADOS CONCURSO SOLISTAS CSMA\">\n                        <img loading=\"lazy\" decoding=\"async\" width=\"1080\" height=\"1350\" src=\"https:\/\/csma.es\/wp-content\/uploads\/2026\/04\/PREMIOS-CSMA-2026.png\" class=\"attachment-full size-full wp-post-image\" alt=\"\" srcset=\"https:\/\/csma.es\/wp-content\/uploads\/2026\/04\/PREMIOS-CSMA-2026.png 1080w, https:\/\/csma.es\/wp-content\/uploads\/2026\/04\/PREMIOS-CSMA-2026-240x300.png 240w, https:\/\/csma.es\/wp-content\/uploads\/2026\/04\/PREMIOS-CSMA-2026-819x1024.png 819w, https:\/\/csma.es\/wp-content\/uploads\/2026\/04\/PREMIOS-CSMA-2026-768x960.png 768w, https:\/\/csma.es\/wp-content\/uploads\/2026\/04\/PREMIOS-CSMA-2026-960x1200.png 960w, https:\/\/csma.es\/wp-content\/uploads\/2026\/04\/PREMIOS-CSMA-2026-700x875.png 700w\" sizes=\"auto, (max-width: 1080px) 100vw, 1080px\" \/>            \t    <\/a>\n\t<\/div>\n        <div class=\"qode-news-image-info-holder-left\">\n\t\t\t        <\/div>\n        <div class=\"qode-news-image-info-holder-right\">\n\t\t\t\t\t<\/div>\n\t<\/div>\n    \t<div class=\"qode-ni-content\">\n        \t\t\n<h4 itemprop=\"name\" class=\"entry-title qode-post-title\">\n    <a itemprop=\"url\" href=\"https:\/\/csma.es\/en\/noticias\/premiados-concurso-solistas-csma\/\" title=\"PREMIADOS CONCURSO SOLISTAS CSMA\">\n        PREMIADOS CONCURSO SOLISTAS CSMA    <\/a>\n<\/h4>\t\t\n\n        <div class=\"qode-post-excerpt-holder\">\n            Felicitamos a los Ganadores del Concurso de Solistas CSMA 2026:\r\nPREMIO SOLISTAS CSMA 2026\r\nMARA CORT\u00c9S CABRERO, piano\r\nACC\u00c9SIT\r\nXAN GARC\u00cdA PUGA, violonchelo\r\nENHORABUENA a los premiados y MUCHAS GRACIAS        <\/div>\n\n\t\t\t        \t<\/div>\n<\/div><div class=\"qode-news-item qode-layout1-item\">\n\t\t<div class=\"qode-news-item-image-holder\">\n\t\t\t<div class=\"qode-post-image\">\n\t    <a itemprop=\"url\" href=\"https:\/\/csma.es\/en\/noticias\/antonio-perez-roy-en-ciclo-atmosferas\/\" title=\"ANTONIO P\u00c9REZ ROY EN CICLO ATM\u00d3SFERAS\">\n                        <img loading=\"lazy\" decoding=\"async\" width=\"1920\" height=\"1080\" src=\"https:\/\/csma.es\/wp-content\/uploads\/2026\/04\/28042026_-ATMOSFERAS-ANTONIO-PEREZ.jpg\" class=\"attachment-full size-full wp-post-image\" alt=\"\" srcset=\"https:\/\/csma.es\/wp-content\/uploads\/2026\/04\/28042026_-ATMOSFERAS-ANTONIO-PEREZ.jpg 1920w, https:\/\/csma.es\/wp-content\/uploads\/2026\/04\/28042026_-ATMOSFERAS-ANTONIO-PEREZ-300x169.jpg 300w, https:\/\/csma.es\/wp-content\/uploads\/2026\/04\/28042026_-ATMOSFERAS-ANTONIO-PEREZ-1024x576.jpg 1024w, https:\/\/csma.es\/wp-content\/uploads\/2026\/04\/28042026_-ATMOSFERAS-ANTONIO-PEREZ-768x432.jpg 768w, https:\/\/csma.es\/wp-content\/uploads\/2026\/04\/28042026_-ATMOSFERAS-ANTONIO-PEREZ-1536x864.jpg 1536w, https:\/\/csma.es\/wp-content\/uploads\/2026\/04\/28042026_-ATMOSFERAS-ANTONIO-PEREZ-1200x675.jpg 1200w, https:\/\/csma.es\/wp-content\/uploads\/2026\/04\/28042026_-ATMOSFERAS-ANTONIO-PEREZ-700x394.jpg 700w, https:\/\/csma.es\/wp-content\/uploads\/2026\/04\/28042026_-ATMOSFERAS-ANTONIO-PEREZ-539x303.jpg 539w, https:\/\/csma.es\/wp-content\/uploads\/2026\/04\/28042026_-ATMOSFERAS-ANTONIO-PEREZ-1320x743.jpg 1320w\" sizes=\"auto, (max-width: 1920px) 100vw, 1920px\" \/>            \t    <\/a>\n\t<\/div>\n        <div class=\"qode-news-image-info-holder-left\">\n\t\t\t        <\/div>\n        <div class=\"qode-news-image-info-holder-right\">\n\t\t\t\t\t<\/div>\n\t<\/div>\n    \t<div class=\"qode-ni-content\">\n        \t\t\n<h4 itemprop=\"name\" class=\"entry-title qode-post-title\">\n    <a itemprop=\"url\" href=\"https:\/\/csma.es\/en\/noticias\/antonio-perez-roy-en-ciclo-atmosferas\/\" title=\"ANTONIO P\u00c9REZ ROY EN CICLO ATM\u00d3SFERAS\">\n        ANTONIO P\u00c9REZ ROY EN CICLO ATM\u00d3SFERAS    <\/a>\n<\/h4>\t\t\n\n        <div class=\"qode-post-excerpt-holder\">\n            Nueva cita MAESTROS CSMA en el Ciclo Atm\u00f3sferas con el Profesor de Piano del CSMA, Antonio P\u00e9rez Roy.\r\n\r\nCuarenta y ocho Preludios y Fugas, dos libros:        <\/div>\n\n\t\t\t        \t<\/div>\n<\/div><div class=\"qode-news-item qode-layout1-item\">\n\t\t<div class=\"qode-news-item-image-holder\">\n\t\t\t<div class=\"qode-post-image\">\n\t    <a itemprop=\"url\" href=\"https:\/\/csma.es\/en\/noticias\/zarzuela-en-el-csma\/\" title=\"ZARZUELA EN EL CSMA\">\n                        <img loading=\"lazy\" decoding=\"async\" width=\"1920\" height=\"1080\" src=\"https:\/\/csma.es\/wp-content\/uploads\/2026\/04\/21042026_ZARZUELA-ATMOSFERAS-HORIZONTAL-2526.jpg\" class=\"attachment-full size-full wp-post-image\" alt=\"\" srcset=\"https:\/\/csma.es\/wp-content\/uploads\/2026\/04\/21042026_ZARZUELA-ATMOSFERAS-HORIZONTAL-2526.jpg 1920w, https:\/\/csma.es\/wp-content\/uploads\/2026\/04\/21042026_ZARZUELA-ATMOSFERAS-HORIZONTAL-2526-300x169.jpg 300w, https:\/\/csma.es\/wp-content\/uploads\/2026\/04\/21042026_ZARZUELA-ATMOSFERAS-HORIZONTAL-2526-1024x576.jpg 1024w, https:\/\/csma.es\/wp-content\/uploads\/2026\/04\/21042026_ZARZUELA-ATMOSFERAS-HORIZONTAL-2526-768x432.jpg 768w, https:\/\/csma.es\/wp-content\/uploads\/2026\/04\/21042026_ZARZUELA-ATMOSFERAS-HORIZONTAL-2526-1536x864.jpg 1536w, https:\/\/csma.es\/wp-content\/uploads\/2026\/04\/21042026_ZARZUELA-ATMOSFERAS-HORIZONTAL-2526-1200x675.jpg 1200w, https:\/\/csma.es\/wp-content\/uploads\/2026\/04\/21042026_ZARZUELA-ATMOSFERAS-HORIZONTAL-2526-700x394.jpg 700w, https:\/\/csma.es\/wp-content\/uploads\/2026\/04\/21042026_ZARZUELA-ATMOSFERAS-HORIZONTAL-2526-539x303.jpg 539w, https:\/\/csma.es\/wp-content\/uploads\/2026\/04\/21042026_ZARZUELA-ATMOSFERAS-HORIZONTAL-2526-1320x743.jpg 1320w\" sizes=\"auto, (max-width: 1920px) 100vw, 1920px\" \/>            \t    <\/a>\n\t<\/div>\n        <div class=\"qode-news-image-info-holder-left\">\n\t\t\t        <\/div>\n        <div class=\"qode-news-image-info-holder-right\">\n\t\t\t\t\t<\/div>\n\t<\/div>\n    \t<div class=\"qode-ni-content\">\n        \t\t\n<h4 itemprop=\"name\" class=\"entry-title qode-post-title\">\n    <a itemprop=\"url\" href=\"https:\/\/csma.es\/en\/noticias\/zarzuela-en-el-csma\/\" title=\"ZARZUELA EN EL CSMA\">\n        ZARZUELA EN EL CSMA    <\/a>\n<\/h4>\t\t\n\n        <div class=\"qode-post-excerpt-holder\">\n            Cl\u00e1sicos de Zarzuela: \u00a1Viva Zaragoza entera!\r\nDirecci\u00f3n: Javier Castro\r\nDirecci\u00f3n coro: Nilkoleta Popova\r\nEscenograf\u00eda y producci\u00f3n: Beatriz Gimeno\r\n\r\nMartes 21 de abril\r\n\r\n19:30 h\r\n\r\nAuditorio Eduardo del Pueyo. Entrada libre\r\n\r\n\r\nEntre flores,        <\/div>\n\n\t\t\t        \t<\/div>\n<\/div><div class=\"qode-news-item qode-layout1-item\">\n\t\t<div class=\"qode-news-item-image-holder\">\n\t\t\t<div class=\"qode-post-image\">\n\t    <a itemprop=\"url\" href=\"https:\/\/csma.es\/en\/noticias\/kaizen-ensemble\/\" title=\"KAIZEN ENSEMBLE, MAESTROS CSMA EN GRANDES CONCIERTOS\">\n                        <img loading=\"lazy\" decoding=\"async\" width=\"960\" height=\"540\" src=\"https:\/\/csma.es\/wp-content\/uploads\/2026\/04\/160426_QR_DOSIER_KAIZEN-ENSEMBLE_grandes-conciertos-1.jpg\" class=\"attachment-full size-full wp-post-image\" alt=\"\" srcset=\"https:\/\/csma.es\/wp-content\/uploads\/2026\/04\/160426_QR_DOSIER_KAIZEN-ENSEMBLE_grandes-conciertos-1.jpg 960w, https:\/\/csma.es\/wp-content\/uploads\/2026\/04\/160426_QR_DOSIER_KAIZEN-ENSEMBLE_grandes-conciertos-1-300x169.jpg 300w, https:\/\/csma.es\/wp-content\/uploads\/2026\/04\/160426_QR_DOSIER_KAIZEN-ENSEMBLE_grandes-conciertos-1-768x432.jpg 768w, https:\/\/csma.es\/wp-content\/uploads\/2026\/04\/160426_QR_DOSIER_KAIZEN-ENSEMBLE_grandes-conciertos-1-700x394.jpg 700w, https:\/\/csma.es\/wp-content\/uploads\/2026\/04\/160426_QR_DOSIER_KAIZEN-ENSEMBLE_grandes-conciertos-1-539x303.jpg 539w\" sizes=\"auto, (max-width: 960px) 100vw, 960px\" \/>            \t    <\/a>\n\t<\/div>\n        <div class=\"qode-news-image-info-holder-left\">\n\t\t\t        <\/div>\n        <div class=\"qode-news-image-info-holder-right\">\n\t\t\t\t\t<\/div>\n\t<\/div>\n    \t<div class=\"qode-ni-content\">\n        \t\t\n<h4 itemprop=\"name\" class=\"entry-title qode-post-title\">\n    <a itemprop=\"url\" href=\"https:\/\/csma.es\/en\/noticias\/kaizen-ensemble\/\" title=\"KAIZEN ENSEMBLE, MAESTROS CSMA EN GRANDES CONCIERTOS\">\n        KAIZEN ENSEMBLE, MAESTROS CSMA EN GRANDES CONCIERTOS    <\/a>\n<\/h4>\t\t\n\n        <div class=\"qode-post-excerpt-holder\">\n            Nueva cita\u00a0 en el Ciclo Grandes Conciertos CSMA con KAIZEN ENSEMBLE, tres Maestros CSMA que presentar\u00e1n un programa que recorre la diversidad estil\u00edstica de la        <\/div>\n\n\t\t\t        \t<\/div>\n<\/div><\/div><\/div>[\/vc_column][\/vc_row][vc_row css_animation=&#8221;&#8221; row_type=&#8221;row&#8221; use_row_as_full_screen_section=&#8221;no&#8221; type=&#8221;full_width&#8221; header_style=&#8221;dark&#8221; anchor=&#8221;counters&#8221; angled_section=&#8221;no&#8221; text_align=&#8221;left&#8221; background_image=&#8221;31221&#8243; background_image_as_pattern=&#8221;without_pattern&#8221; z_index=&#8221;&#8221; el_id=&#8221;fila_contacto&#8221;][vc_column width=&#8221;2\/3&#8243;][vc_gmaps link=&#8221;#E-8_JTNDaWZyYW1lJTIwc3JjJTNEJTIyaHR0cHMlM0ElMkYlMkZ3d3cuZ29vZ2xlLmNvbSUyRm1hcHMlMkZlbWJlZCUzRnBiJTNEJTIxMW0xOCUyMTFtMTIlMjExbTMlMjExZDI1MDcuNDU0MjAzMTkyMjQ4OCUyMTJkLTAuOTExOTYxMjgzNjU4NjU5NSUyMTNkNDEuNjM2NjczNzY2NzE4NjElMjEybTMlMjExZjAlMjEyZjAlMjEzZjAlMjEzbTIlMjExaTEwMjQlMjEyaTc2OCUyMTRmMTMuMSUyMTNtMyUyMTFtMiUyMTFzMHhkNTk2YWQ2ODFkMWE1MjElMjUzQTB4OWEyNzM5NTc4NTkwMGJhYyUyMTJzQ29uc2VydmF0b3JpbyUyNTIwU3VwZXJpb3IlMjUyMGRlJTI1MjBNJTI1QzMlMjVCQXNpY2ElMjUyMGRlJTI1MjBBcmFnJTI1QzMlMjVCM24lMjE1ZTAlMjEzbTIlMjExc2VzJTIxMnNlcyUyMTR2MTc0OTAyNjY0MTE4MiUyMTVtMiUyMTFzZXMlMjEyc2VzJTIyJTIwd2lkdGglM0QlMjI2MDAlMjIlMjBoZWlnaHQlM0QlMjI0NTAlMjIlMjBzdHlsZSUzRCUyMmJvcmRlciUzQTAlM0IlMjIlMjBhbGxvd2Z1bGxzY3JlZW4lM0QlMjIlMjIlMjBsb2FkaW5nJTNEJTIybGF6eSUyMiUyMHJlZmVycmVycG9saWN5JTNEJTIybm8tcmVmZXJyZXItd2hlbi1kb3duZ3JhZGUlMjIlM0UlM0MlMkZpZnJhbWUlM0U=&#8221;][\/vc_column][vc_column width=&#8221;1\/3&#8243; el_id=&#8221;columna_contacto&#8221;][vc_column_text css=&#8221;.vc_custom_1747133519480{margin-bottom: 40px !important;border-bottom-width: 2px !important;padding-bottom: 8px !important;border-bottom-color: #d4c21e !important;border-bottom-style: solid !important;}&#8221;]<span style=\"color: #ffffff; font-size: 42px;\">CONTACT<\/span>[\/vc_column_text]<div class='q_icon_with_title tiny normal_icon left_from_title '><div class=\"icon_text_holder\" style=\"\"><div class=\"icon_text_inner\" style=\"\"><div class=\"icon_title_holder\"><div class=\"icon_holder \" style=\" \"><span data-icon-type=\"normal\"   style=\"\" class=\"qode_iwt_icon_holder q_font_awsome_icon fa-lg  \"><i class=\"qode_icon_font_awesome fa fa-location-arrow qode_iwt_icon_element\" style=\"\" ><\/i><\/span><\/div><h5 class=\"icon_title\" style=\"color: #ffffff;\">V\u00eda Hispanidad, 22, 50009 Zaragoza<\/h5><\/div><p style=''><\/p><\/div><\/div><\/div><div class='q_icon_with_title tiny normal_icon left_from_title '><div class=\"icon_text_holder\" style=\"\"><div class=\"icon_text_inner\" style=\"\"><div class=\"icon_title_holder\"><div class=\"icon_holder \" style=\" \"><span data-icon-type=\"normal\"   style=\"\" class=\"qode_iwt_icon_holder q_font_awsome_icon fa-lg  \"><i class=\"qode_icon_font_awesome fa fa-phone qode_iwt_icon_element\" style=\"\" ><\/i><\/span><\/div><h5 class=\"icon_title\" style=\"color: #ffffff;\">+34 976716980<\/h5><\/div><p style=''><\/p><\/div><\/div><\/div><div class='q_icon_with_title tiny normal_icon left_from_title '><div class=\"icon_text_holder\" style=\"\"><div class=\"icon_text_inner\" style=\"\"><div class=\"icon_title_holder\"><div class=\"icon_holder \" style=\" \"><span data-icon-type=\"normal\"   style=\"\" class=\"qode_iwt_icon_holder q_font_awsome_icon fa-lg  \"><i class=\"qode_icon_font_awesome fa fa-clock-o qode_iwt_icon_element\" style=\"\" ><\/i><\/span><\/div><h5 class=\"icon_title\" style=\"color: #ffffff;\">Customer Service: 9:00 - 14:00<\/h5><\/div><p style=''><\/p><\/div><\/div><\/div><div class='q_icon_with_title tiny normal_icon left_from_title '><div class=\"icon_text_holder\" style=\"\"><div class=\"icon_text_inner\" style=\"\"><div class=\"icon_title_holder\"><div class=\"icon_holder \" style=\" \"><span data-icon-type=\"normal\"   style=\"\" class=\"qode_iwt_icon_holder q_font_awsome_icon fa-lg  \"><i class=\"qode_icon_font_awesome fa fa-envelope qode_iwt_icon_element\" style=\"\" ><\/i><\/span><\/div><h5 class=\"icon_title\" style=\"color: #ffffff;\">informacion@csmaragon.es<\/h5><\/div><p style=''><\/p><\/div><\/div><\/div><a  itemprop=\"url\" href=\"https:\/\/csma.es\/alojamiento\/\" target=\"_self\" data-hover-background-color=rgba(212,194,30,0.8) data-hover-color=#ffffff class=\"qbutton  big_large_full_width default\" style=\"color: #ffffff; margin: 57px 0px 0px 0px; background-color: rgba(61,61,61,0.8);\">ACCOMMODATION<\/a>[\/vc_column][\/vc_row][vc_row css_animation=&#8221;&#8221; row_type=&#8221;row&#8221; use_row_as_full_screen_section=&#8221;no&#8221; type=&#8221;full_width&#8221; angled_section=&#8221;no&#8221; text_align=&#8221;left&#8221; background_image_as_pattern=&#8221;without_pattern&#8221; background_color=&#8221;rgba(10,10,10,0.92)&#8221; z_index=&#8221;&#8221; css=&#8221;.vc_custom_1747138430364{padding-bottom: 40px !important;}&#8221;][vc_column width=&#8221;2\/3&#8243; offset=&#8221;vc_col-sm-offset-0&#8243;][vc_column_text css=&#8221;.vc_custom_1747136035540{margin-bottom: 30px !important;border-bottom-width: 2px !important;padding-bottom: 8px !important;border-bottom-color: #d4c21e !important;border-bottom-style: solid !important;}&#8221;]<span style=\"color: #ffffff; font-size: 42px;\">DISCOVER CSMA<\/span>[\/vc_column_text][vc_column_text]\n<p style=\"text-align: justify;\"><span style=\"font-size: 12pt; color: #ffffff;\">Discover the Higher Conservatory of Music of Aragon (CSMA), a young and dynamic center that has established itself as one of the most recognized higher music institutions.<\/span><\/p>\n<p style=\"text-align: justify;\"><span style=\"font-size: 12pt; color: #ffffff;\">The CSMA is a public institution under the Department of Education, Culture, and Sport of the Government of Aragon, which supports these teachings as an integrating axis and promoter of artistic and cultural quality. Our programs ensure that all our students acquire the professional skills necessary to enter the most demanding professional market.<\/span><\/p>\n<p style=\"text-align: justify;\"><span style=\"font-size: 12pt; color: #ffffff;\">Many students who have passed through our center are now part of prominent national and international orchestras, just as many renowned Spanish composers and conductors have been trained in our classrooms. With over 300 students across all instrumental, composition, and conducting specialties, the CSMA is a dynamic, modern, creative, and innovative center, where its more than one hundred professors are top-level professionals from all musical disciplines.<\/span><\/p>\n<p>&nbsp;<\/p>\n<p style=\"text-align: justify;\"><a href=\"https:\/\/csma.es\/wp-content\/uploads\/2024\/10\/Calendario-Escolar-2024-2025-Educaragon.pdf\" target=\"_blank\" rel=\"noopener\">ACADEMIC CALENDAR 2024-2025<\/a><\/p>\n[\/vc_column_text][\/vc_column][vc_column width=&#8221;1\/3&#8243; offset=&#8221;vc_col-xs-12&#8243;][vc_video link=&#8221;https:\/\/www.youtube.com\/watch?v=aigPIB_JNOI&#8221;][\/vc_column][\/vc_row][vc_row css_animation=&#8221;&#8221; row_type=&#8221;row&#8221; use_row_as_full_screen_section=&#8221;no&#8221; type=&#8221;grid&#8221; angled_section=&#8221;no&#8221; text_align=&#8221;left&#8221; background_image_as_pattern=&#8221;without_pattern&#8221; background_color=&#8221;#d4c21e&#8221; z_index=&#8221;&#8221; css=&#8221;.vc_custom_1747137500174{padding-top: 0px !important;padding-bottom: 0px !important;}&#8221;][vc_column]<div class=\"qode-advanced-call-to-action\" style=\"height:110pxpx\">\n\t<a class=\"advanced-cta-link\" href=\"https:\/\/www.youtube.com\/user\/CanalCSMA\" target=\"_blank\"><\/a>\n\t<div class=\"qode-advanced-cta-content\">\t\t\n\t    <span class=\"qode-advanced-cta-text-holder\" style=\"font-size:25px;font-weight:900\">\n\t\t    ACCESS THE CSMA YOUTUBE CHANNEL\t    <\/span>\n\t    <span class=\"qode-advanced-cta-icon-holder\" style=\"font-weight:900;height:45px;width:45px\">\n\t\t    <span class=\"qode-advanced-cta-icon-holder-table\">\n\t\t    \t<span class=\"qode-advanced-cta-icon-holder-cell\" >\n\t\t\t    \t<i class=\"qode_icon_font_awesome fa fa-youtube-play qode-advanced-cta-icon\" ><\/i>\t\t\t    <\/span>\n\t\t    <\/span>\n\t\t    \t    <\/span>\n\t<\/div>\n\t\t\t<div class=\"qode-advanced-cta-background-holder\">\n\t\t\t<span class=\"qode-advanced-cta-background-1 qode-type1-gradient-left-to-right\"><\/span>\n\t\t\t<span class=\"qode-advanced-cta-background-2 qode-type1-gradient-left-to-right\"><\/span>\n\t\t\t<span class=\"qode-advanced-cta-background-3\"><\/span>\n\t\t<\/div>\n\t<\/div>[\/vc_column][\/vc_row][vc_row css_animation=&#8221;&#8221; row_type=&#8221;row&#8221; use_row_as_full_screen_section=&#8221;no&#8221; type=&#8221;full_width&#8221; header_style=&#8221;dark&#8221; angled_section=&#8221;no&#8221; text_align=&#8221;left&#8221; background_image_as_pattern=&#8221;without_pattern&#8221; z_index=&#8221;&#8221; css=&#8221;.vc_custom_1747987185978{padding-top: 0px !important;background-color: #666666 !important;}&#8221;][vc_column css=&#8221;.vc_custom_1747136614097{padding-top: 0px !important;padding-bottom: 0px !important;}&#8221;]<div class=\"call_to_action normal\" style=\"background-color: #666666;\"><div class=\"container_inner\"><div class=\"two_columns_75_25 clearfix\"><div class=\"text_wrapper column1\"><div class=\"call_to_action_text \" style=\"\">Would you like to study at CSMA? Find all the information here<\/div><\/div><div class=\"button_wrapper column2\"><a itemprop=\"url\" href=\"https:\/\/csma.es\/acceso\/\" class=\"qbutton white \" target=\"_blank\" style=\"\">LEARN MORE<\/a><\/div><\/div><\/div><\/div>[\/vc_column][\/vc_row]\n","protected":false},"excerpt":{"rendered":"<p>[vc_row css_animation=&#8221;&#8221; row_type=&#8221;row&#8221; use_row_as_full_screen_section=&#8221;no&#8221; type=&#8221;full_width&#8221; angled_section=&#8221;no&#8221; text_align=&#8221;left&#8221; background_image_as_pattern=&#8221;without_pattern&#8221; background_color=&#8221;rgba(10,10,10,0.92)&#8221; el_id=&#8221;fila_calendario&#8221; z_index=&#8221;&#8221; css=&#8221;.vc_custom_1749029342816{padding-top: 60px !important;}&#8221;][vc_column width=&#8221;2\/3&#8243;][vc_column_text css=&#8221;.vc_custom_1747989439318{margin-bottom: 25px !important;border-bottom-width: 2px !important;padding-bottom: 8px !important;border-bottom-color: #d4c21e !important;border-bottom-style: solid&#8230;<\/p>\n","protected":false},"author":3,"featured_media":0,"parent":0,"menu_order":0,"comment_status":"open","ping_status":"open","template":"full_width.php","meta":{"footnotes":""},"class_list":["post-20983","page","type-page","status-publish","hentry"],"yoast_head":"<!-- This site is optimized with the Yoast SEO plugin v27.5 - https:\/\/yoast.com\/product\/yoast-seo-wordpress\/ -->\n<title>Conservatorio Superior de M\u00fasica de Arag\u00f3n - CSMA<\/title>\n<meta name=\"description\" content=\"El Conservatorio Superior de M\u00fasica de Arag\u00f3n (CSMA) es un centro joven y din\u00e1mico, y uno de los centros superiores musicales m\u00e1s reconocidos\" \/>\n<meta name=\"robots\" content=\"index, follow, max-snippet:-1, max-image-preview:large, max-video-preview:-1\" \/>\n<link rel=\"canonical\" href=\"https:\/\/csma.es\/en\/\" \/>\n<meta property=\"og:locale\" content=\"en_US\" \/>\n<meta property=\"og:type\" content=\"article\" \/>\n<meta property=\"og:title\" content=\"Conservatorio Superior de M\u00fasica de Arag\u00f3n - CSMA\" \/>\n<meta property=\"og:description\" content=\"El Conservatorio Superior de M\u00fasica de Arag\u00f3n (CSMA) es un centro joven y din\u00e1mico, y uno de los centros superiores musicales m\u00e1s reconocidos\" \/>\n<meta property=\"og:url\" content=\"https:\/\/csma.es\/en\/\" \/>\n<meta property=\"og:site_name\" content=\"CSMA\" \/>\n<meta property=\"article:publisher\" content=\"https:\/\/www.facebook.com\/CSMAragon\/\" \/>\n<meta property=\"article:modified_time\" content=\"2025-09-03T08:15:32+00:00\" \/>\n<meta property=\"og:image\" content=\"https:\/\/csma.es\/wp-content\/uploads\/2019\/11\/csma-1200.png\" \/>\n\t<meta property=\"og:image:width\" content=\"1200\" \/>\n\t<meta property=\"og:image:height\" content=\"630\" \/>\n\t<meta property=\"og:image:type\" content=\"image\/png\" \/>\n<meta name=\"twitter:card\" content=\"summary_large_image\" \/>\n<meta name=\"twitter:site\" content=\"@csmaconser\" \/>\n<meta name=\"twitter:label1\" content=\"Est. reading time\" \/>\n\t<meta name=\"twitter:data1\" content=\"3 minutes\" \/>\n<script type=\"application\/ld+json\" class=\"yoast-schema-graph\">{\"@context\":\"https:\\\/\\\/schema.org\",\"@graph\":[{\"@type\":\"WebPage\",\"@id\":\"https:\\\/\\\/csma.es\\\/en\\\/\",\"url\":\"https:\\\/\\\/csma.es\\\/en\\\/\",\"name\":\"Conservatorio Superior de M\u00fasica de Arag\u00f3n - CSMA\",\"isPartOf\":{\"@id\":\"https:\\\/\\\/csma.es\\\/#website\"},\"datePublished\":\"2014-03-28T10:11:36+00:00\",\"dateModified\":\"2025-09-03T08:15:32+00:00\",\"description\":\"El Conservatorio Superior de M\u00fasica de Arag\u00f3n (CSMA) es un centro joven y din\u00e1mico, y uno de los centros superiores musicales m\u00e1s reconocidos\",\"breadcrumb\":{\"@id\":\"https:\\\/\\\/csma.es\\\/en\\\/#breadcrumb\"},\"inLanguage\":\"en-US\",\"potentialAction\":[{\"@type\":\"ReadAction\",\"target\":[\"https:\\\/\\\/csma.es\\\/en\\\/\"]}]},{\"@type\":\"BreadcrumbList\",\"@id\":\"https:\\\/\\\/csma.es\\\/en\\\/#breadcrumb\",\"itemListElement\":[{\"@type\":\"ListItem\",\"position\":1,\"name\":\"Portada\",\"item\":\"https:\\\/\\\/csma.es\\\/en\\\/\"},{\"@type\":\"ListItem\",\"position\":2,\"name\":\"Home 1\"}]},{\"@type\":\"WebSite\",\"@id\":\"https:\\\/\\\/csma.es\\\/#website\",\"url\":\"https:\\\/\\\/csma.es\\\/\",\"name\":\"CSMA\",\"description\":\"Conservatorio Superior de M\u00fasica de Arag\u00f3n\",\"publisher\":{\"@id\":\"https:\\\/\\\/csma.es\\\/#organization\"},\"potentialAction\":[{\"@type\":\"SearchAction\",\"target\":{\"@type\":\"EntryPoint\",\"urlTemplate\":\"https:\\\/\\\/csma.es\\\/?s={search_term_string}\"},\"query-input\":{\"@type\":\"PropertyValueSpecification\",\"valueRequired\":true,\"valueName\":\"search_term_string\"}}],\"inLanguage\":\"en-US\"},{\"@type\":\"Organization\",\"@id\":\"https:\\\/\\\/csma.es\\\/#organization\",\"name\":\"Conservatorio Superior de M\u00fasica de Arag\u00f3n\",\"url\":\"https:\\\/\\\/csma.es\\\/\",\"logo\":{\"@type\":\"ImageObject\",\"inLanguage\":\"en-US\",\"@id\":\"https:\\\/\\\/csma.es\\\/#\\\/schema\\\/logo\\\/image\\\/\",\"url\":\"https:\\\/\\\/csma.es\\\/wp-content\\\/uploads\\\/2025\\\/04\\\/cropped-logo-csma-40anos-vertical-sintexto-positivo.png\",\"contentUrl\":\"https:\\\/\\\/csma.es\\\/wp-content\\\/uploads\\\/2025\\\/04\\\/cropped-logo-csma-40anos-vertical-sintexto-positivo.png\",\"width\":512,\"height\":512,\"caption\":\"Conservatorio Superior de M\u00fasica de Arag\u00f3n\"},\"image\":{\"@id\":\"https:\\\/\\\/csma.es\\\/#\\\/schema\\\/logo\\\/image\\\/\"},\"sameAs\":[\"https:\\\/\\\/www.facebook.com\\\/CSMAragon\\\/\",\"https:\\\/\\\/x.com\\\/csmaconser\",\"https:\\\/\\\/www.instagram.com\\\/csmaragon\\\/\",\"https:\\\/\\\/www.youtube.com\\\/channel\\\/UCcsLLtgZJUhz11-3Aj1sv3w\"]}]}<\/script>\n<!-- \/ Yoast SEO plugin. -->","yoast_head_json":{"title":"Conservatorio Superior de M\u00fasica de Arag\u00f3n - CSMA","description":"El Conservatorio Superior de M\u00fasica de Arag\u00f3n (CSMA) es un centro joven y din\u00e1mico, y uno de los centros superiores musicales m\u00e1s reconocidos","robots":{"index":"index","follow":"follow","max-snippet":"max-snippet:-1","max-image-preview":"max-image-preview:large","max-video-preview":"max-video-preview:-1"},"canonical":"https:\/\/csma.es\/en\/","og_locale":"en_US","og_type":"article","og_title":"Conservatorio Superior de M\u00fasica de Arag\u00f3n - CSMA","og_description":"El Conservatorio Superior de M\u00fasica de Arag\u00f3n (CSMA) es un centro joven y din\u00e1mico, y uno de los centros superiores musicales m\u00e1s reconocidos","og_url":"https:\/\/csma.es\/en\/","og_site_name":"CSMA","article_publisher":"https:\/\/www.facebook.com\/CSMAragon\/","article_modified_time":"2025-09-03T08:15:32+00:00","og_image":[{"width":1200,"height":630,"url":"https:\/\/csma.es\/wp-content\/uploads\/2019\/11\/csma-1200.png","type":"image\/png"}],"twitter_card":"summary_large_image","twitter_site":"@csmaconser","twitter_misc":{"Est. reading time":"3 minutes"},"schema":{"@context":"https:\/\/schema.org","@graph":[{"@type":"WebPage","@id":"https:\/\/csma.es\/en\/","url":"https:\/\/csma.es\/en\/","name":"Conservatorio Superior de M\u00fasica de Arag\u00f3n - CSMA","isPartOf":{"@id":"https:\/\/csma.es\/#website"},"datePublished":"2014-03-28T10:11:36+00:00","dateModified":"2025-09-03T08:15:32+00:00","description":"El Conservatorio Superior de M\u00fasica de Arag\u00f3n (CSMA) es un centro joven y din\u00e1mico, y uno de los centros superiores musicales m\u00e1s reconocidos","breadcrumb":{"@id":"https:\/\/csma.es\/en\/#breadcrumb"},"inLanguage":"en-US","potentialAction":[{"@type":"ReadAction","target":["https:\/\/csma.es\/en\/"]}]},{"@type":"BreadcrumbList","@id":"https:\/\/csma.es\/en\/#breadcrumb","itemListElement":[{"@type":"ListItem","position":1,"name":"Portada","item":"https:\/\/csma.es\/en\/"},{"@type":"ListItem","position":2,"name":"Home 1"}]},{"@type":"WebSite","@id":"https:\/\/csma.es\/#website","url":"https:\/\/csma.es\/","name":"CSMA","description":"Conservatorio Superior de M\u00fasica de Arag\u00f3n","publisher":{"@id":"https:\/\/csma.es\/#organization"},"potentialAction":[{"@type":"SearchAction","target":{"@type":"EntryPoint","urlTemplate":"https:\/\/csma.es\/?s={search_term_string}"},"query-input":{"@type":"PropertyValueSpecification","valueRequired":true,"valueName":"search_term_string"}}],"inLanguage":"en-US"},{"@type":"Organization","@id":"https:\/\/csma.es\/#organization","name":"Conservatorio Superior de M\u00fasica de Arag\u00f3n","url":"https:\/\/csma.es\/","logo":{"@type":"ImageObject","inLanguage":"en-US","@id":"https:\/\/csma.es\/#\/schema\/logo\/image\/","url":"https:\/\/csma.es\/wp-content\/uploads\/2025\/04\/cropped-logo-csma-40anos-vertical-sintexto-positivo.png","contentUrl":"https:\/\/csma.es\/wp-content\/uploads\/2025\/04\/cropped-logo-csma-40anos-vertical-sintexto-positivo.png","width":512,"height":512,"caption":"Conservatorio Superior de M\u00fasica de Arag\u00f3n"},"image":{"@id":"https:\/\/csma.es\/#\/schema\/logo\/image\/"},"sameAs":["https:\/\/www.facebook.com\/CSMAragon\/","https:\/\/x.com\/csmaconser","https:\/\/www.instagram.com\/csmaragon\/","https:\/\/www.youtube.com\/channel\/UCcsLLtgZJUhz11-3Aj1sv3w"]}]}},"publishpress_future_action":{"enabled":false,"date":"2026-05-08 18:02:50","action":"change-status","newStatus":"draft","terms":[],"taxonomy":"","extraData":[]},"publishpress_future_workflow_manual_trigger":{"enabledWorkflows":[]},"_links":{"self":[{"href":"https:\/\/csma.es\/en\/wp-json\/wp\/v2\/pages\/20983","targetHints":{"allow":["GET"]}}],"collection":[{"href":"https:\/\/csma.es\/en\/wp-json\/wp\/v2\/pages"}],"about":[{"href":"https:\/\/csma.es\/en\/wp-json\/wp\/v2\/types\/page"}],"author":[{"embeddable":true,"href":"https:\/\/csma.es\/en\/wp-json\/wp\/v2\/users\/3"}],"replies":[{"embeddable":true,"href":"https:\/\/csma.es\/en\/wp-json\/wp\/v2\/comments?post=20983"}],"version-history":[{"count":0,"href":"https:\/\/csma.es\/en\/wp-json\/wp\/v2\/pages\/20983\/revisions"}],"wp:attachment":[{"href":"https:\/\/csma.es\/en\/wp-json\/wp\/v2\/media?parent=20983"}],"curies":[{"name":"wp","href":"https:\/\/api.w.org\/{rel}","templated":true}]}}